{"id":878,"date":"2013-12-18T19:53:13","date_gmt":"2013-12-18T18:53:13","guid":{"rendered":"http:\/\/www.holstenschule.de\/info\/?page_id=878"},"modified":"2025-09-18T20:15:03","modified_gmt":"2025-09-18T18:15:03","slug":"schulprogramm","status":"publish","type":"page","link":"https:\/\/www.holstenschule.de\/info\/schulprogramm\/","title":{"rendered":"Ein neues Schulprogramm? Ein neues Schulprogramm!"},"content":{"rendered":"\n<p>\nLiebe\nFreunde der Holstenschule,<\/p>\n\n\n\n<p>nach nun eineinhalb Jahren, gef\u00fcllt von intensiven und zahlreichen Sitzungen der Steuergruppe, bestehend aus Sch\u00fcler*innen, Eltern und Lehrer*innen, ist die neue Fassung des Schulprogramms unserer Holstenschule in einer ver\u00f6ffentlichungsreifen Form. Ich spreche bewusst nicht von einer \u201efertigen Form\u201c, da es sich durch das Wirken und Leben im schulischen Alltag bew\u00e4hren soll und somit ebenfalls stetig weitereinwickeln und ver\u00e4ndern wird \u2013 und so soll es auch sein.<\/p>\n\n\n\n<p>Ich freue mich, Ihnen mit dieser neuen Fassung des Schulprogramms p\u00e4dagogische Ziele und Leitideen, die unsere Schule im Kern ausmachen und hinter denen wir mit Stolz stehen, darzulegen: In unserer Holstenschule, einer zertifizierten Europaschule, lernen wir zusammen, gestalten Kooperation, sehen Konflikte als Chance, \u00fcbernehmen Verantwortung und leben zusammen. Damit werden wir allen Sch\u00fcler*innen und anderen an Schule beteiligten Personen gerecht.<\/p>\n\n\n\n<p>Ich w\u00fcnsche Ihnen nun viel Freude bei der Lekt\u00fcre und lade Sie herzlich ein, uns zu besuchen und sich selbst am Schulleben an unserer Holstenschule zu beteiligen.<\/p>\n\n\n\n<p class=\"has-text-align-right\">Ihr Pay Dierks (Schulleiter)<\/p>\n\n\n\n<h3 class=\"wp-block-heading\">Leitideen<\/h3>\n\n\n\n<p>Weit sichtbar ist nicht nur das alte und beeindruckende Hauptgeb\u00e4ude der Holstenschule, sondern auch der Schriftzug <strong>I&nbsp;want&nbsp;to&nbsp;be<\/strong> auf dem modernen Komplex, der die Sporthalle sowie Unterrichtsr\u00e4ume der Sekundarstufe I beherbergt. So wie das Hauptgeb\u00e4ude und seine Anbauten die architektonische Entwicklung von \u00fcber 100 Jahren widerspiegeln, die dem Ziel diente, die Lernbedingungen f\u00fcr die Sch\u00fcler*innen zu optimieren und den jeweils gegenw\u00e4rtigen Anspr\u00fcchen anzupassen, so soll auch die Weiter\u00adentwicklung des Schulprogramms dazu beitragen, die Lernbedingungen an unserer Schule weiter zu verbessern und innovative Impulse geben.  <\/p>\n\n\n\n<p>Lernen wird an der Holstenschule gem\u00e4\u00df dem Grundsatz der Installation <strong>I&nbsp;want&nbsp;to&nbsp;be<\/strong> als Grundlage und Voraussetzung einer ganzheitlichen Pers\u00f6nlichkeitsentwicklung im Sinne der humanistischen Bildungs- und Erziehungsziele des Schulgesetzes aufgefasst. Die Sch\u00fcler*innen der Holstenschule sollen dazu bef\u00e4higt werden, ein selbstverantwortliches Leben als m\u00fcndige B\u00fcrger zu f\u00fchren, um an allen Lebensbereichen unserer demokratischen Gesellschaft partizipieren zu k\u00f6nnen, f\u00fcr diese Verantwortung zu \u00fcbernehmen sowie sie wertorientiert weiterzuentwickeln. Weiterhin sollen sie mit den notwendigen Kompetenzen ausgestattet werden, um die sie erwartenden Aufgaben in Ausbildung, Studium und Beruf erfolgreich bew\u00e4ltigen zu k\u00f6nnen. Insbesondere das Ziel der Allgemeinen Hochschulreife und die F\u00f6rderung der Leistung, derer es hierf\u00fcr bedarf, zeichnet die Holstenschule hierbei als Gymnasium aus.  <\/p>\n\n\n\n<figure class=\"wp-block-gallery aligncenter has-nested-images columns-default is-cropped wp-block-gallery-1 is-layout-flex wp-block-gallery-is-layout-flex\">\n<figure class=\"wp-block-image size-large\"><img loading=\"lazy\" decoding=\"async\" width=\"792\" height=\"594\" data-id=\"18750\" src=\"https:\/\/www.holstenschule.de\/info\/wp-content\/uploads\/2022\/01\/unsere_holstenschule.png\" alt=\"\" class=\"wp-image-18750\" srcset=\"https:\/\/www.holstenschule.de\/info\/wp-content\/uploads\/2022\/01\/unsere_holstenschule.png 792w, https:\/\/www.holstenschule.de\/info\/wp-content\/uploads\/2022\/01\/unsere_holstenschule-400x300.png 400w, https:\/\/www.holstenschule.de\/info\/wp-content\/uploads\/2022\/01\/unsere_holstenschule-768x576.png 768w\" sizes=\"auto, (max-width: 792px) 100vw, 792px\" \/><\/figure>\n<\/figure>\n\n\n\n<div class=\"wp-block-advgb-accordions advgb-accordions-f2134665-52fa-4e8a-93a8-bc1a921dcdfa advgb-accordion-wrapper\" data-collapsed=\"true\">\n<div class=\"wp-block-advgb-accordion-item advgb-accordion-item\" style=\"margin-bottom:5px\"><div class=\"advgb-accordion-header\" style=\"background-color:#abb8c3;color:#000000;border-style:solid;border-width:0px\"><span class=\"advgb-accordion-header-icon\"><svg fill=\"#fff\" xmlns=\"http:\/\/www.w3.org\/2000\/svg\" width=\"24\" height=\"24\" viewBox=\"0 0 24 24\"><path fill=\"none\" d=\"M0,0h24v24H0V0z\"><\/path><path d=\"M13,7h-2v4H7v2h4v4h2v-4h4v-2h-4V7z M12,2C6.48,2,2,6.48,2,12s4.48,10,10,10s10-4.48,10-10S17.52,2,12,2z M12,20 c-4.41,0-8-3.59-8-8s3.59-8,8-8s8,3.59,8,8S16.41,20,12,20z\"><\/path><\/svg><\/span><h4 class=\"advgb-accordion-header-title\" style=\"color:inherit\">Unsere Holstenschule<\/h4><\/div><div class=\"advgb-accordion-body\" style=\"background-color:#fcb900;border-style:solid !important;border-width:0px !important;border-color:undefined !important;border-top:none !important\">\n<p>Um einen erfolgreichen Lern- und Bildungsprozess zu erm\u00f6glichen, ist die Gestaltung eines aktivierenden Lernraums notwendig. Dass dieser mehr als ein gut ausgestattetes Geb\u00e4ude mit Klassenr\u00e4umen sein muss, liegt auf der Hand. Es geht darum, einen Raum zu kreieren, der sich den Bed\u00fcrfnissen der Lernenden und Lehrenden anpasst, innovativ sowie flexibel ist und dennoch Kontinuit\u00e4t und Verl\u00e4sslichkeit garantiert. Als tragende S\u00e4ulen dieses Raums verstehen wir die Schulleitung, die Lehrkr\u00e4fte, die Mitarbeiter*innen, die Sch\u00fcler*innen sowie ihre Eltern. Die Werte dieser Gemeinschaft bilden das Fundament, auf dem die S\u00e4ulen stehen. Diese Werte im Miteinander zu leben und zu achten, ist die Aufgabe aller Beteiligten. Ihre Ausbildung bei den Sch\u00fcler*innen zu f\u00f6rdern, ist neben der Vermittlung der Fachinhalte integraler Bestandteil der Arbeit des Kollegiums sowie die Aufgabe der Eltern. Dem<strong> I&nbsp;want&nbsp;to&nbsp;be<\/strong> wird gleichsam das <strong>We&nbsp;want&nbsp;to&nbsp;be<\/strong> zur Seite gestellt. Nur im Rahmen einer von Verl\u00e4sslichkeit, R\u00fccksichtnahme und Kooperation getragenen Gemeinschaft, so unsere \u00dcberzeugung, kann Lehren und Lernen mit Freude \u2013 langfristig Bildung \u2013 gelingen.<\/p>\n<\/div><\/div>\n<\/div>\n\n\n\n<figure class=\"wp-block-gallery aligncenter has-nested-images columns-default is-cropped wp-block-gallery-2 is-layout-flex wp-block-gallery-is-layout-flex\">\n<figure class=\"wp-block-image size-large\"><img loading=\"lazy\" decoding=\"async\" width=\"896\" height=\"525\" data-id=\"18752\" src=\"https:\/\/www.holstenschule.de\/info\/wp-content\/uploads\/2022\/01\/grafik2.png\" alt=\"\" class=\"wp-image-18752\" srcset=\"https:\/\/www.holstenschule.de\/info\/wp-content\/uploads\/2022\/01\/grafik2.png 896w, https:\/\/www.holstenschule.de\/info\/wp-content\/uploads\/2022\/01\/grafik2-400x234.png 400w, https:\/\/www.holstenschule.de\/info\/wp-content\/uploads\/2022\/01\/grafik2-768x450.png 768w\" sizes=\"auto, (max-width: 896px) 100vw, 896px\" \/><\/figure>\n<\/figure>\n\n\n\n\n\n<div class=\"wp-block-advgb-accordions advgb-accordions-4e6cd54b-92fc-48c9-bfa2-e2f3d6918254 advgb-accordion-wrapper\" data-collapsed=\"true\">\n<div class=\"wp-block-advgb-accordion-item advgb-accordion-item\" style=\"margin-bottom:15px\"><div class=\"advgb-accordion-header\" style=\"background-color:#abb8c3;color:#000000;border-style:solid;border-width:0px;border-radius:2px\"><span class=\"advgb-accordion-header-icon\"><svg fill=\"#fff\" xmlns=\"http:\/\/www.w3.org\/2000\/svg\" width=\"24\" height=\"24\" viewBox=\"0 0 24 24\"><path fill=\"none\" d=\"M0,0h24v24H0V0z\"><\/path><path d=\"M13,7h-2v4H7v2h4v4h2v-4h4v-2h-4V7z M12,2C6.48,2,2,6.48,2,12s4.48,10,10,10s10-4.48,10-10S17.52,2,12,2z M12,20 c-4.41,0-8-3.59-8-8s3.59-8,8-8s8,3.59,8,8S16.41,20,12,20z\"><\/path><\/svg><\/span><h4 class=\"advgb-accordion-header-title\" style=\"color:inherit\">Zusammen leben<\/h4><\/div><div class=\"advgb-accordion-body\" style=\"background-color:#fcb900;border-style:solid !important;border-width:0px !important;border-color:undefined !important;border-top:none !important;border-radius:2px !important\">\n<p>Eine\nAtmosph\u00e4re der Offenheit, Freundlichkeit sowie R\u00fccksichtnahme pr\u00e4gt\ndas Lernklima an unserer Schule. Individualit\u00e4t sowie differierende\nAuffassungen und W\u00fcnsche werden als Bereicherung wahr\u00adgenommen,\ndie die Vielgestaltigkeit einer Gemeinschaft auszeichnet und\nweiterentwickeln kann. Voraussetzung f\u00fcr eine so gelebte Toleranz\nist auf der anderen Seite die Bereitschaft der Beteiligten zur\nkritischen Selbstreflexion sowie die Anerkennung der Grenzen der\neigenen Freiheit in\nForm der geltenden\nRegeln und Vereinbarungen.<\/p>\n<\/div><\/div>\n<\/div>\n\n\n\n<figure class=\"wp-block-gallery aligncenter has-nested-images columns-default is-cropped wp-block-gallery-3 is-layout-flex wp-block-gallery-is-layout-flex\">\n<figure class=\"wp-block-image size-large\"><img loading=\"lazy\" decoding=\"async\" width=\"896\" height=\"562\" data-id=\"18753\" src=\"https:\/\/www.holstenschule.de\/info\/wp-content\/uploads\/2022\/01\/grafik_kooperation.png\" alt=\"\" class=\"wp-image-18753\" srcset=\"https:\/\/www.holstenschule.de\/info\/wp-content\/uploads\/2022\/01\/grafik_kooperation.png 896w, https:\/\/www.holstenschule.de\/info\/wp-content\/uploads\/2022\/01\/grafik_kooperation-400x251.png 400w, https:\/\/www.holstenschule.de\/info\/wp-content\/uploads\/2022\/01\/grafik_kooperation-768x482.png 768w\" sizes=\"auto, (max-width: 896px) 100vw, 896px\" \/><\/figure>\n<\/figure>\n\n\n\n<div class=\"wp-block-advgb-accordions advgb-accordions-e547b00b-0548-4b94-a4b5-0b4b7f393677 advgb-accordion-wrapper\" data-collapsed=\"true\">\n<div class=\"wp-block-advgb-accordion-item advgb-accordion-item\" style=\"margin-bottom:15px\"><div class=\"advgb-accordion-header\" style=\"background-color:#abb8c3;color:#313131;border-style:solid;border-width:0px;border-radius:2px\"><span class=\"advgb-accordion-header-icon\"><svg fill=\"#fff\" xmlns=\"http:\/\/www.w3.org\/2000\/svg\" width=\"24\" height=\"24\" viewBox=\"0 0 24 24\"><path fill=\"none\" d=\"M0,0h24v24H0V0z\"><\/path><path d=\"M13,7h-2v4H7v2h4v4h2v-4h4v-2h-4V7z M12,2C6.48,2,2,6.48,2,12s4.48,10,10,10s10-4.48,10-10S17.52,2,12,2z M12,20 c-4.41,0-8-3.59-8-8s3.59-8,8-8s8,3.59,8,8S16.41,20,12,20z\"><\/path><\/svg><\/span><h4 class=\"advgb-accordion-header-title\" style=\"color:inherit\">Kooperation gestalten<\/h4><\/div><div class=\"advgb-accordion-body\" style=\"background-color:#fcb900;border-style:solid !important;border-width:0px !important;border-color:undefined !important;border-top:none !important;border-radius:2px !important\">\n<p><strong>Kooperation gestalten<\/strong><br \/>Kooperation setzt Transparenz und Kommunikation voraus. Wir sind daher darum bem\u00fcht, unsere eigenen W\u00fcnsche und Ziele sowie unsere Erwartungen an die anderen Mitglieder der Schulgemeinschaft rechtzeitig und in angemessener Form mitzuteilen, um Missverst\u00e4ndnisse und hieraus erwachsende Konflikte zu vermeiden. Ebenso ist uns bewusst, dass jeder einzelne selbst daf\u00fcr verantwortlich ist, ben\u00f6tigte Informationen \u00fcber die zur Verf\u00fcgung stehenden Kommunikationswege einzuholen.<\/p>\n\n\n\n<p>Als\nGespr\u00e4chsteilnehmende sind wir uns unserer verschiedenen Rollen und\nunserer gemeinsamen Verantwortung bewusst. \n<\/p>\n\n\n\n<p>Dies zeigt sich durch&#8230;<\/p>\n\n\n\n<p><strong>Lehrer-Sch\u00fcler*innen-Kommunikation<\/strong><br \/>Zwischen Sch\u00fcler*innen- und Lehrerschaft leben wir Transparenz durch eine stimmige Feedbackkultur. Die Lehrkr\u00e4fte geben R\u00fcckmeldungen zur Lern- und Pers\u00f6nlichkeitsentwicklung der einzelnen Sch\u00fcler*innen und zeigen F\u00f6rder- sowie Verbesserungsm\u00f6glichkeiten mit klaren Zielsetzungen auf. Die Reflexion und der Abgleich unterschiedlicher Wahrnehmungen sowie R\u00fcckmeldungen zum Lerngeschehen aus Sicht der Sch\u00fcler*innen sind eine Selbstverst\u00e4ndlichkeit. Differenzierte Kriterien der Leistungsbewertung werden zu Beginn jedes Halbjahres von den Lehrkr\u00e4ften offengelegt.  <\/p>\n\n\n\n<p>Bei\nKonflikten \u00fcbernehmen Klassensprecher*innen eine\nVermittlungsfunktion zwischen Lehrkr\u00e4ften und Klasse, bei Bedarf\nunterst\u00fctzt durch die Verbindungslehrkr\u00e4fte. Der Klassenrat\n(Klassen 5 bis 7) dient dem regelm\u00e4\u00dfigen Austausch zwischen dem\nKlassensprecher\/ der Klassensprecherin oder der gesamten Klasse mit\nder Klassenlehrkraft. Einzelgespr\u00e4che zwischen den Sch\u00fcler*innen\nund der Klassenleitung f\u00f6rdern insbesondere bei neu\nzusammengesetzten Lerngruppen die gelingende Kommunikation.<\/p>\n\n\n\n<p><strong>Lehrer-Eltern-Kommunikation<\/strong><br \/>Als Lehrkr\u00e4fte und Eltern betrachten wir uns als gemeinsame Bildungspartner und Begleiter. Deshalb sind wir offen f\u00fcreinander und bleiben im Gespr\u00e4ch. Wenn es sinnvoll erscheint, f\u00fchren wir diese Gespr\u00e4che unter Einbeziehung der betreffenden Sch\u00fcler*innen.<\/p>\n\n\n\n<p>Um\ndie Kommunikation zwischen Eltern und Lehrerschaft kontinuierlich zu\ngew\u00e4hrleisten und zu vereinfachen, halten wir die Sch\u00fcler*innen an,\ngeeignete Hilfsmittel (z. B. Postmappe, Hausaufgabenheft) zu\nverwenden. Die Eltern teilen der Schule wichtige Kontaktdaten mit und\ninformieren bei Ver\u00e4nderungen die Klassenlehrkraft \u00fcber die\naktuelle Lebenssituation des Kindes. Die Lehrkr\u00e4fte nehmen\nihrerseits fr\u00fchzeitig Kontakt mit den Eltern auf und geben\nverl\u00e4sslich R\u00fcckmeldungen zu getroffenen Vereinbarungen und\nVer\u00e4nderungen. Die M\u00f6glichkeiten und Zeiten f\u00fcr eine\nKontaktaufnahme werden den Eltern bekannt gegeben. Bei besonderem\nUnterst\u00fctzungsbedarf des Kindes schaffen die Beteiligten Transparenz\n\u00fcber die Abl\u00e4ufe wie Dauer der F\u00f6rderung, Ansprechpartner und\nFortschritte. Sie bleiben kontinuierlich in Kontakt.<\/p>\n\n\n\n<p>Besonders\ndie Klassenlehrkr\u00e4fte und die Elternvertreter*innen stehen in engem\nAus\u00adtausch. Neben der allgemeinen Situation der Klasse geht es\ndabei um Planung und Gestaltung von Elternabenden, Themen\u00adabenden,\nAktionen mit\/ f\u00fcr\/ von Eltern sowie Klassenveranstaltungen oder\nProjektwochen. \n<\/p>\n\n\n\n<p><strong>Zusammenwirken<\/strong><br \/>Schulleitung, Sch\u00fcler*innenvertretung und Schulelternbeirat tauschen sich regelm\u00e4\u00dfig aus. Sie geben einander wichtige Informationen \u00fcber anstehende Ver\u00e4nderungen oder geplante Aktionen weiter.  <\/p>\n\n\n\n<p>Zur\nUnterst\u00fctzung der Kommunikation wird die Homepage als\nInformationsmedium genutzt. Alle an der Schule beteiligten Gruppen\n(Lehrerschaft, Sch\u00fcler*innenschaft, Eltern und andere) achten\ndarauf, diese aktuell zu halten. \n<\/p>\n<\/div><\/div>\n<\/div>\n\n\n\n<figure class=\"wp-block-gallery aligncenter has-nested-images columns-default is-cropped wp-block-gallery-4 is-layout-flex wp-block-gallery-is-layout-flex\">\n<figure class=\"wp-block-image size-large\"><img loading=\"lazy\" decoding=\"async\" width=\"896\" height=\"588\" data-id=\"18754\" src=\"https:\/\/www.holstenschule.de\/info\/wp-content\/uploads\/2022\/01\/grafik4.png\" alt=\"\" class=\"wp-image-18754\" srcset=\"https:\/\/www.holstenschule.de\/info\/wp-content\/uploads\/2022\/01\/grafik4.png 896w, https:\/\/www.holstenschule.de\/info\/wp-content\/uploads\/2022\/01\/grafik4-400x263.png 400w, https:\/\/www.holstenschule.de\/info\/wp-content\/uploads\/2022\/01\/grafik4-768x504.png 768w\" sizes=\"auto, (max-width: 896px) 100vw, 896px\" \/><\/figure>\n<\/figure>\n\n\n\n<div class=\"wp-block-advgb-accordions advgb-accordions-7e1f8c54-3392-497f-922b-5ac4f1c9bf05 advgb-accordion-wrapper\" data-collapsed=\"true\">\n<div class=\"wp-block-advgb-accordion-item advgb-accordion-item\" style=\"margin-bottom:15px\"><div class=\"advgb-accordion-header\" style=\"background-color:#abb8c3;color:#313131;border-style:solid;border-width:0px;border-radius:2px\"><span class=\"advgb-accordion-header-icon\"><svg fill=\"#fff\" xmlns=\"http:\/\/www.w3.org\/2000\/svg\" width=\"24\" height=\"24\" viewBox=\"0 0 24 24\"><path fill=\"none\" d=\"M0,0h24v24H0V0z\"><\/path><path d=\"M13,7h-2v4H7v2h4v4h2v-4h4v-2h-4V7z M12,2C6.48,2,2,6.48,2,12s4.48,10,10,10s10-4.48,10-10S17.52,2,12,2z M12,20 c-4.41,0-8-3.59-8-8s3.59-8,8-8s8,3.59,8,8S16.41,20,12,20z\"><\/path><\/svg><\/span><h4 class=\"advgb-accordion-header-title\" style=\"color:inherit\">Konflikte als Chance<\/h4><\/div><div class=\"advgb-accordion-body\" style=\"background-color:#fcb900;border-style:solid !important;border-width:0px !important;border-color:undefined !important;border-top:none !important;border-radius:2px !important\">\n<p>Konflikte begreifen wir als Chance zur Weiterentwicklung der Beteiligten und der Gemeinschaft. Ein gewaltfreier und l\u00f6sungsorientierter Umgang mit Konflikten, der gepr\u00e4gt ist von gegenseitigem Respekt und Empathie, ist die Voraussetzung, um diese Chance zu ergreifen.<\/p>\n<\/div><\/div>\n<\/div>\n\n\n\n<figure class=\"wp-block-gallery aligncenter has-nested-images columns-default is-cropped wp-block-gallery-5 is-layout-flex wp-block-gallery-is-layout-flex\">\n<figure class=\"wp-block-image size-large\"><img loading=\"lazy\" decoding=\"async\" width=\"775\" height=\"471\" data-id=\"18755\" src=\"https:\/\/www.holstenschule.de\/info\/wp-content\/uploads\/2022\/01\/grafik5.png\" alt=\"\" class=\"wp-image-18755\" srcset=\"https:\/\/www.holstenschule.de\/info\/wp-content\/uploads\/2022\/01\/grafik5.png 775w, https:\/\/www.holstenschule.de\/info\/wp-content\/uploads\/2022\/01\/grafik5-400x243.png 400w, https:\/\/www.holstenschule.de\/info\/wp-content\/uploads\/2022\/01\/grafik5-768x467.png 768w\" sizes=\"auto, (max-width: 775px) 100vw, 775px\" \/><\/figure>\n<\/figure>\n\n\n\n<div class=\"wp-block-advgb-accordions advgb-accordions-f60f7221-ce6c-4162-ab0e-dcaa5bbe961f advgb-accordion-wrapper\" data-collapsed=\"true\">\n<div class=\"wp-block-advgb-accordion-item advgb-accordion-item\" style=\"margin-bottom:15px\"><div class=\"advgb-accordion-header\" style=\"background-color:#abb8c3;color:#313131;border-style:solid;border-width:0px;border-radius:2px\"><span class=\"advgb-accordion-header-icon\"><svg fill=\"#fff\" xmlns=\"http:\/\/www.w3.org\/2000\/svg\" width=\"24\" height=\"24\" viewBox=\"0 0 24 24\"><path fill=\"none\" d=\"M0,0h24v24H0V0z\"><\/path><path d=\"M13,7h-2v4H7v2h4v4h2v-4h4v-2h-4V7z M12,2C6.48,2,2,6.48,2,12s4.48,10,10,10s10-4.48,10-10S17.52,2,12,2z M12,20 c-4.41,0-8-3.59-8-8s3.59-8,8-8s8,3.59,8,8S16.41,20,12,20z\"><\/path><\/svg><\/span><h4 class=\"advgb-accordion-header-title\" style=\"color:inherit\">Verantwortung \u00fcbernehmen<\/h4><\/div><div class=\"advgb-accordion-body\" style=\"background-color:#fcb900;border-style:solid !important;border-width:0px !important;border-color:undefined !important;border-top:none !important;border-radius:2px !important\">\n<p>In\neiner Gemeinschaft ist es unabdingbar, dass der Einzelne\nVerantwortung f\u00fcr sich und auch f\u00fcr andere \u00fcbernimmt, um ein\nstabiles und verl\u00e4ssliches Miteinander zu gestalten. Das\nverantwortungsvolle Handeln setzt Verantwortungsbewusstsein voraus,\ndas neben den Fachinhalten ein zentrales Bildungsziel unserer Schule\ndarstellt und im t\u00e4glichen Umgang miteinander gef\u00f6rdert werden\nsoll. \n<\/p>\n\n\n\n<p>Ebenso\nwollen wir mit dem Bewusstsein agieren, auch Verantwortung f\u00fcr die\nnach uns kommenden Generationen zu tragen. Daher sind wir an unserer\nSchule bestrebt, verantwortungsvoll und nachhaltig mit den uns\ngegebenen Ressourcen umzugehen.<\/p>\n<\/div><\/div>\n<\/div>\n\n\n\n<figure class=\"wp-block-gallery has-nested-images columns-default is-cropped wp-block-gallery-6 is-layout-flex wp-block-gallery-is-layout-flex\">\n<figure class=\"wp-block-image size-large\"><img loading=\"lazy\" decoding=\"async\" width=\"896\" height=\"567\" data-id=\"18756\" src=\"https:\/\/www.holstenschule.de\/info\/wp-content\/uploads\/2022\/01\/grafik6.png\" alt=\"\" class=\"wp-image-18756\" srcset=\"https:\/\/www.holstenschule.de\/info\/wp-content\/uploads\/2022\/01\/grafik6.png 896w, https:\/\/www.holstenschule.de\/info\/wp-content\/uploads\/2022\/01\/grafik6-400x253.png 400w, https:\/\/www.holstenschule.de\/info\/wp-content\/uploads\/2022\/01\/grafik6-768x486.png 768w\" sizes=\"auto, (max-width: 896px) 100vw, 896px\" \/><\/figure>\n<\/figure>\n\n\n\n<div class=\"wp-block-advgb-accordions advgb-accordions-7fa2528a-caeb-40a9-afb4-05f31e46b5a8 advgb-accordion-wrapper\" data-collapsed=\"true\">\n<div class=\"wp-block-advgb-accordion-item advgb-accordion-item\" style=\"margin-bottom:15px\"><div class=\"advgb-accordion-header\" style=\"background-color:#abb8c3;color:#313131;border-style:solid;border-width:0px;border-radius:2px\"><span class=\"advgb-accordion-header-icon\"><svg fill=\"#fff\" xmlns=\"http:\/\/www.w3.org\/2000\/svg\" width=\"24\" height=\"24\" viewBox=\"0 0 24 24\"><path fill=\"none\" d=\"M0,0h24v24H0V0z\"><\/path><path d=\"M13,7h-2v4H7v2h4v4h2v-4h4v-2h-4V7z M12,2C6.48,2,2,6.48,2,12s4.48,10,10,10s10-4.48,10-10S17.52,2,12,2z M12,20 c-4.41,0-8-3.59-8-8s3.59-8,8-8s8,3.59,8,8S16.41,20,12,20z\"><\/path><\/svg><\/span><h4 class=\"advgb-accordion-header-title\" style=\"color:inherit\">Zusammen lernen<\/h4><\/div><div class=\"advgb-accordion-body\" style=\"background-color:#fcb900;border-style:solid !important;border-width:0px !important;border-color:undefined !important;border-top:none !important;border-radius:2px !important\">\n<p>Im Zentrum des Lern- und Bildungsprozesses stehen der Fachunterricht und das Ziel, die allgemeine Hochschulreife zu erreichen. Die Freude am eigenen Leistungs- und Lernfortschritt soll zentrale Motivation f\u00fcr die Mitarbeit sein. Leistungsschw\u00e4chen oder Lernhindernisse werden nicht tabuisiert oder verdr\u00e4ngt. Vielmehr geht es darum zu lernen, auch mit ihnen konstruktiv umzugehen. Hierbei Chancengleichheit f\u00fcr alle Sch\u00fcler*innen durch individuelle Zuwendung und gezielte F\u00f6rderung zu schaffen, ist uns ein besonderes Anliegen. <\/p>\n<\/div><\/div>\n<\/div>\n\n\n\n<h3 class=\"wp-block-heading\">Holstenschule als zertifizierte Europaschule  <\/h3>\n\n\n\n<p>\u00dcber mehrere europ\u00e4ische Sprachen zu verf\u00fcgen, ist eine zentrale Voraussetzung daf\u00fcr, andere L\u00e4nder und Kulturen zu verstehen und zu respektieren. Sowohl das breite <strong>Fremdsprachenangebot<sup> <\/sup><\/strong>als auch unser <strong>Sch\u00fcler*innenaustauschprogramm<\/strong> tragen dem Rechnung.  <\/p>\n\n\n\n<p>Dar\u00fcber\nhinaus ist es ein zentrales Anliegen der Holstenschule, in <em>allen<\/em>\nF\u00e4chern die Werte, die Europa zusammenhalten und ausmachen, zu leben\nund zu vermitteln.  \n<\/p>\n\n\n\n<p>Unser Ziel ist es, die Sch\u00fcler*innen mit den notwendigen Kompetenzen zu versehen, die sie bef\u00e4higen, als m\u00fcndige B\u00fcrger*innen in der europ\u00e4ischen Gesellschaft ihren Platz zu finden und die Gemeinschaft Europa weiter zu gestalten. Um dies zu erreichen, f\u00fchren wir <strong>europ\u00e4ische Projekte<\/strong> durch und nehmen an <strong>EU-Wettbewerben<\/strong> teil.<\/p>\n\n\n\n<div class=\"wp-block-advgb-accordions advgb-accordions-67817109-4569-4f28-a20e-c6c199c75bc2 advgb-accordion-wrapper\" data-collapsed=\"true\">\n<div class=\"wp-block-advgb-accordion-item advgb-accordion-item\" style=\"margin-bottom:15px\"><div class=\"advgb-accordion-header\" style=\"background-color:#abb8c3;color:#313131;border-style:solid;border-width:0px;border-radius:2px\"><span class=\"advgb-accordion-header-icon\"><svg fill=\"#fff\" xmlns=\"http:\/\/www.w3.org\/2000\/svg\" width=\"24\" height=\"24\" viewBox=\"0 0 24 24\"><path fill=\"none\" d=\"M0,0h24v24H0V0z\"><\/path><path d=\"M13,7h-2v4H7v2h4v4h2v-4h4v-2h-4V7z M12,2C6.48,2,2,6.48,2,12s4.48,10,10,10s10-4.48,10-10S17.52,2,12,2z M12,20 c-4.41,0-8-3.59-8-8s3.59-8,8-8s8,3.59,8,8S16.41,20,12,20z\"><\/path><\/svg><\/span><h4 class=\"advgb-accordion-header-title\" style=\"color:inherit\">Fremdsprachenangebot<\/h4><\/div><div class=\"advgb-accordion-body\" style=\"background-color:#0693e3;border-style:solid !important;border-width:0px !important;border-color:undefined !important;border-top:none !important;border-radius:2px !important\">\n<p>Die\nF\u00f6rderung fremdsprachlicher Kompetenzen sehen wir als eine\nKernaufgabe unserer Schule zur Bef\u00e4higung unserer Sch\u00fcler*innen,\nsich in einer globalisierten Welt sicher zu bewegen. Daher werden in\nder Holstenschule Englisch als 1. Fremdsprache, Franz\u00f6sisch, Latein\nund Spanisch als weitere Fremdsprachen angeboten.<\/p>\n\n\n\n<p>Unsere\nSch\u00fcler*innen haben die M\u00f6glichkeit, an den\nFranz\u00f6sisch-Zertifikaten DELF oder DALF (inter\u00adnational\nanerkannt) und an der Spanischpr\u00fcfung DELE teilzunehmen. \n<\/p>\n<\/div><\/div>\n<\/div>\n\n\n\n<div class=\"wp-block-advgb-accordions advgb-accordions-26d19aac-07bd-4147-8cff-29df4e6f1671 advgb-accordion-wrapper\" data-collapsed=\"true\">\n<div class=\"wp-block-advgb-accordion-item advgb-accordion-item\" style=\"margin-bottom:15px\"><div class=\"advgb-accordion-header\" style=\"background-color:#abb8c3;color:#313131;border-style:solid;border-width:0px;border-radius:2px\"><span class=\"advgb-accordion-header-icon\"><svg fill=\"#fff\" xmlns=\"http:\/\/www.w3.org\/2000\/svg\" width=\"24\" height=\"24\" viewBox=\"0 0 24 24\"><path fill=\"none\" d=\"M0,0h24v24H0V0z\"><\/path><path d=\"M13,7h-2v4H7v2h4v4h2v-4h4v-2h-4V7z M12,2C6.48,2,2,6.48,2,12s4.48,10,10,10s10-4.48,10-10S17.52,2,12,2z M12,20 c-4.41,0-8-3.59-8-8s3.59-8,8-8s8,3.59,8,8S16.41,20,12,20z\"><\/path><\/svg><\/span><h4 class=\"advgb-accordion-header-title\" style=\"color:inherit\">Austauschprogramm<\/h4><\/div><div class=\"advgb-accordion-body\" style=\"background-color:#0693e3;border-style:solid !important;border-width:0px !important;border-color:undefined !important;border-top:none !important;border-radius:2px !important\">\n<p>Im Sch\u00fcleraustausch mit Jugendlichen aus anderen L\u00e4ndern auf verschiedenen Begegnungsebenen sehen wir ein besonders geeignetes Mittel zur Entwicklung einer europ\u00e4ischen Identit\u00e4t. Wir f\u00fchren daher j\u00e4hrliche Austauschprogramme mit Schulen in Segr\u00e9\/Frankreich, Poznan\/Polen und Shepperton\/England durch. Ein Austausch mit San Sebasti\u00e1n\/Spanien befindet sich im Aufbau. Zus\u00e4tzlich unterst\u00fctzen wir individuelle l\u00e4ngerfristige Austauschma\u00dfnahmen.<\/p>\n<\/div><\/div>\n<\/div>\n\n\n\n<div class=\"wp-block-advgb-accordions advgb-accordions-d3daffbe-6c94-453c-b8fa-9d8a8785ab44 advgb-accordion-wrapper\" data-collapsed=\"true\">\n<div class=\"wp-block-advgb-accordion-item advgb-accordion-item\" style=\"margin-bottom:15px\"><div class=\"advgb-accordion-header\" style=\"background-color:#abb8c3;color:#313131;border-style:solid;border-width:0px;border-radius:2px\"><span class=\"advgb-accordion-header-icon\"><svg fill=\"#fff\" xmlns=\"http:\/\/www.w3.org\/2000\/svg\" width=\"24\" height=\"24\" viewBox=\"0 0 24 24\"><path fill=\"none\" d=\"M0,0h24v24H0V0z\"><\/path><path d=\"M13,7h-2v4H7v2h4v4h2v-4h4v-2h-4V7z M12,2C6.48,2,2,6.48,2,12s4.48,10,10,10s10-4.48,10-10S17.52,2,12,2z M12,20 c-4.41,0-8-3.59-8-8s3.59-8,8-8s8,3.59,8,8S16.41,20,12,20z\"><\/path><\/svg><\/span><h4 class=\"advgb-accordion-header-title\" style=\"color:inherit\">Europ\u00e4ische Projekte und EU-Wettbewerbe<\/h4><\/div><div class=\"advgb-accordion-body\" style=\"background-color:#0693e3;border-style:solid !important;border-width:0px !important;border-color:undefined !important;border-top:none !important;border-radius:2px !important\">\n<p><strong>Erasmus+ <\/strong> <br \/>Im Fokus der Erasmus+ &#8211; Schulpartnerschaften stehen Begegnungen von Sch\u00fcler*innen und ihren Lehrkr\u00e4ften. Die gemeinsame&nbsp;Projektarbeit widmet sich Themen wie der demokratischen Bildung oder der Vermittlung interkultureller Kompetenzen und Toleranz in der Schule und findet abwechselnd in Orten der teilnehmenden L\u00e4nder statt.  <\/p>\n\n\n\n<p><strong>Europa-Fahrt<\/strong><br \/>In der Oberstufe haben die Sch\u00fcler*innen die M\u00f6glichkeit, an einer Europareise in Zusammenarbeit mit der Hermann-Ehlers-Akademie teilzunehmen, um europ\u00e4ische Institutionen vor Ort kennenzulernen.<\/p>\n\n\n\n<p><strong>Europ\u00e4ischer Kunstwettbewerb<\/strong><br \/>Jedes Jahr wird ein europ\u00e4ischer Kunstwettbewerb ausgeschrieben, an dem unsere Sch\u00fcler*innen regelm\u00e4\u00dfig erfolgreich teilnehmen.<\/p>\n\n\n\n<p><strong>Projekttag Europa (f\u00fcr den 5. Jg.)<\/strong><br \/>Um schon die j\u00fcngeren Sch\u00fcler*innen an Europa heranzuf\u00fchren, findet am Schuljahresende ein entsprechender Projekttag statt.<\/p>\n\n\n\n<p><strong>Vortr\u00e4ge zu europ\u00e4ischen Themen<\/strong><br \/>F\u00fcr die Oberstufe werden Vortr\u00e4ge von EU-Mitarbeiter*innen organisiert, die den Sch\u00fcler*innen Interessantes aus dem t\u00e4glichen Leben in EU-Institutionen vermitteln.<\/p>\n\n\n\n<p><strong>Wirtschaftspraktikum in Spanien (Bilbao)<\/strong><br \/>Das Wirtschaftspraktikum, zu dem die Sch\u00fcler*innen in der Oberstufe verpflichtet sind, kann auch in Bilbao in dortigen Unternehmen durchgef\u00fchrt werden. Dabei wohnen die Sch\u00fcler*innen in spanischen Familien, deren Kinder dann ihr eigenes Praktikum in Deutschland absolvieren. Auf diese Weise ist die finanzielle Belastung gering, zumal es noch einen Zuschuss aus dem Etat der Europaschulen gibt.<\/p>\n\n\n\n<p>\u201e<strong>Juvenes translatores\u201c <\/strong> <br \/>Der Wettbewerb Juvenes Translatores (lat. f\u00fcr \u201ejunge \u00dcbersetzer\u201c) wird seit 2007 allj\u00e4hrlich von der Generaldirektion \u00dcbersetzung der Europ\u00e4ischen Kommission ausgerichtet. Er soll das Erlernen von Fremdsprachen in der Schule f\u00f6rdern und jungen Menschen einen Eindruck von der T\u00e4tigkeit des \u00dcbersetzens vermitteln. Der Wettbewerb richtet sich an 17-j\u00e4hrige Sekundarsch\u00fcler*innen. Unsere Sch\u00fcler*innen nehmen regelm\u00e4\u00dfig teil und k\u00f6nnen dabei w\u00e4hlen, aus welcher Fremdsprache sie Texte in die Muttersprache \u00fcbersetzen.<\/p>\n\n\n\n<p><strong>Europazertifikat <\/strong> <br \/>Unsere Sch\u00fcler*innen k\u00f6nnen ein Europazertifikat erwerben. Im Rahmen eines von der Sekundarstufe I bis II gef\u00fchrten Europaportfolios werden die erworbenen Kenntnisse \u00fcber Europa gesammelt und dokumentiert  und am Ende der Schullaufbahn zertifiziert.  <\/p>\n\n\n\n<p>Unsere\nSch\u00fcler*innen haben die M\u00f6glichkeit, an den\nFranz\u00f6sisch-Zertifikaten DELF oder DALF (inter\u00adnational\nanerkannt) und an der Spanischpr\u00fcfung DELE teilzunehmen. \n<\/p>\n<\/div><\/div>\n<\/div>\n\n\n\n<h3 class=\"wp-block-heading\">Lernumgebung<\/h3>\n\n\n\n<p>Wir\nfinden an der Holstenschule eine stetig gewachsene und recht\nweitl\u00e4ufige Geb\u00e4udestruktur vor. Die unterschiedlichen\nKlassenstufen sind in verschiedenen Geb\u00e4uden untergebracht. In der\nRegel bleibt ein Klassenraum einer Klasse mindestens f\u00fcr zwei\nSchuljahre zugeordnet, so dass sich eine Ver\u00adantwortlichkeit\ngegen\u00fcber der Ausstattung und Einrichtung einstellt. \n<\/p>\n\n\n\n<p>Der\nSchulhof tr\u00e4gt wesentlich zu einer f\u00f6rderlichen Lernumgebung bei,\nindem er in den Pausen M\u00f6glichkeiten der aktiven Entspannung zum\nSpielen und Toben, aber auch Gelegenheit zum R\u00fcckzug und der\nKommunikation bietet.<\/p>\n\n\n\n<figure class=\"wp-block-gallery has-nested-images columns-default is-cropped wp-block-gallery-7 is-layout-flex wp-block-gallery-is-layout-flex\">\n<figure class=\"wp-block-image size-large\"><img loading=\"lazy\" decoding=\"async\" width=\"896\" height=\"626\" data-id=\"18757\" src=\"https:\/\/www.holstenschule.de\/info\/wp-content\/uploads\/2022\/01\/schulhof.png\" alt=\"\" class=\"wp-image-18757\" srcset=\"https:\/\/www.holstenschule.de\/info\/wp-content\/uploads\/2022\/01\/schulhof.png 896w, https:\/\/www.holstenschule.de\/info\/wp-content\/uploads\/2022\/01\/schulhof-400x279.png 400w, https:\/\/www.holstenschule.de\/info\/wp-content\/uploads\/2022\/01\/schulhof-768x537.png 768w\" sizes=\"auto, (max-width: 896px) 100vw, 896px\" \/><\/figure>\n<\/figure>\n\n\n\n<p>An\nder Holstenschule wird bewusst auf einen Klingelton zum\nUnterrichtsbeginn und -ende verzichtet, was zu einer entspannten\nLernatmosph\u00e4re genauso beitr\u00e4gt wie die Tatsache, dass viele\nUnterrichtsr\u00e4ume schon vor Beginn des Unterrichts aufgesucht werden\nk\u00f6nnen. In Freistunden stehen Sch\u00fcler*innen R\u00e4ume zum\nselbstst\u00e4ndigen Arbeiten (z. T. mit PC-Ausstattung) zur Verf\u00fcgung. \n<\/p>\n\n\n\n<p>Was\ndie technische\/multimediale Ausstattung angeht, so ist diese in\nvielen Fachr\u00e4umen sehr gut und aktuell. Auch eine gro\u00dfe Anzahl von\nKlassenr\u00e4umen ist mit moderner Technik wie Activeboards,\nDokumentenkameras und Beamern ausgestattet. Erstrebenswert ist eine\nzeitgem\u00e4\u00dfe Ausstattung in allen Unterrichtsr\u00e4umen, diese wird sich\nim Rahmen der Medienentwicklungsplanung des Schultr\u00e4gers sukzessive\nerg\u00e4nzen. Grundlegendes Ziel ist eine stabile Internetversorgung und\nein personalisierter W-LAN-Zugang f\u00fcr jeden einzelnen Sch\u00fcler\/jede\neinzelne Sch\u00fclerin.\n\n<\/p>\n\n\n\n<h3 class=\"wp-block-heading\">P\u00e4dagogische Konzeption  <\/h3>\n\n\n\n<p> <strong>Kooperation mit den Grundschulen<\/strong><br \/>Die Holstenschule blickt bereits auf eine lange Tradition der <strong>Zusammenarbeit mit den Grundschulen<\/strong><sup> <\/sup>zur\u00fcck.  <\/p>\n\n\n\n<div class=\"wp-block-advgb-accordions advgb-accordions-41ecd143-c402-4bc4-b569-c7164fd83449 advgb-accordion-wrapper\" data-collapsed=\"true\">\n<div class=\"wp-block-advgb-accordion-item advgb-accordion-item\" style=\"margin-bottom:15px\"><div class=\"advgb-accordion-header\" style=\"background-color:#abb8c3;color:#313131;border-style:solid;border-width:0px;border-radius:2px\"><span class=\"advgb-accordion-header-icon\"><svg fill=\"#fff\" xmlns=\"http:\/\/www.w3.org\/2000\/svg\" width=\"24\" height=\"24\" viewBox=\"0 0 24 24\"><path fill=\"none\" d=\"M0,0h24v24H0V0z\"><\/path><path d=\"M13,7h-2v4H7v2h4v4h2v-4h4v-2h-4V7z M12,2C6.48,2,2,6.48,2,12s4.48,10,10,10s10-4.48,10-10S17.52,2,12,2z M12,20 c-4.41,0-8-3.59-8-8s3.59-8,8-8s8,3.59,8,8S16.41,20,12,20z\"><\/path><\/svg><\/span><h4 class=\"advgb-accordion-header-title\" style=\"color:inherit\">Zusammenarbeit mit den Grundschulen<\/h4><\/div><div class=\"advgb-accordion-body\" style=\"background-color:#7bdcb5;border-style:solid !important;border-width:0px !important;border-color:undefined !important;border-top:none !important;border-radius:2px !important\">\n<p>Zu den p\u00e4dagogischen Konferenzen der 5. Klassen werden im Herbst neben den Eltern\u00advertreter*innen die Grundschullehrkr\u00e4fte unserer neuen F\u00fcnftkl\u00e4ssler*innen eingeladen, um von ihrem Wissen \u00fcber die schulischen\/famili\u00e4ren Hintergr\u00fcnde der Kinder zu profitieren und ihnen gleichzeitig Einblick in deren erste Entwicklung im neuen Umfeld zu geben.<\/p>\n\n\n\n<p>Gegenseitige\nHospitationen der Klassen- und Fachlehrkr\u00e4fte (Holstenschule \u2013\nGrundschulen) werden von beiden Seiten als gro\u00dfer Gewinn angesehen.<\/p>\n\n\n\n<p>Projekttage\nf\u00fcr einzelne Grundschulklassen im Sinne \u201eHolstensch\u00fcler*innen\nunterrichten Grund\u00adsch\u00fcler*innen\u201c sollen auch in Zukunft auf\ngezielte Nachfrage einzelner Grundschulen angeboten werden. \n<\/p>\n<\/div><\/div>\n<\/div>\n\n\n\n<p><strong>Klassenverband und Klassenleitung<\/strong><br \/>W\u00e4hrend der gesamten Orientierungs- und Mittelstufenzeit verbleiben die Sch\u00fcler*innen in ihrem Klassen\u00adverband. In der Regel findet ein Wechsel der Klassenleitung nur nach der siebten Klasse statt.<\/p>\n\n\n\n<p><strong>Orientierungsgespr\u00e4che<\/strong><br \/>In den Klassenstufen 5 und E finden im Herbst individuelle Orientierungsgespr\u00e4che zwischen Klassen\u00adleitung und jedem einzelnen Sch\u00fcler\/jeder einzelnen Sch\u00fclerin statt, um den \u00dcbergang in die Sekundarstufe I bzw. Sekundarstufe II und das Einfinden in eine neue Klassengemeinschaft gemeinsam zu reflektieren und zu begleiten.<\/p>\n\n\n\n<p><strong>Neigungsf\u00e4cher<\/strong><br \/><\/p>\n\n\n\n<p>Seit vielen Jahren haben unsere Orientierungsstufen-Sch\u00fcler*innen die M\u00f6glichkeit, in sogenannten Neigungsf\u00e4chern selbst einen Schwerpunkt zu w\u00e4hlen. Seit dem Schuljahr 2022\/2023 setzen wir die Klassen nicht mehr nach dem Neigungsfach zusammen, sondern lassen das Neigungsfach im Kursunterricht stattfinden. In den Klassenstufen 5-7 kann jedes Schuljahr ein neues Neigungsfach gew\u00e4hlt werden. Wir bieten aus den folgenden Themenbereichen jedes Jahr wieder abwechslungsreiche F\u00e4cher an:<\/p>\n\n\n\n<ul class=\"wp-block-list\">\n<li>\u00c4sthetik<\/li>\n\n\n\n<li>Sport<\/li>\n\n\n\n<li>Gesellschaft und Soziales<\/li>\n\n\n\n<li>Naturwissenschaften<\/li>\n<\/ul>\n\n\n\n<div class=\"wp-block-advgb-accordions advgb-accordions-3c29fe6e-581f-4bc9-ba9f-6139fd244930 advgb-accordion-wrapper\" data-collapsed=\"true\">\n<div class=\"wp-block-advgb-accordion-item advgb-accordion-item\" style=\"margin-bottom:15px\"><div class=\"advgb-accordion-header\" style=\"background-color:#abb8c3;color:#313131;border-style:solid;border-width:0px;border-radius:2px\"><span class=\"advgb-accordion-header-icon\"><svg fill=\"#fff\" xmlns=\"http:\/\/www.w3.org\/2000\/svg\" width=\"24\" height=\"24\" viewBox=\"0 0 24 24\"><path fill=\"none\" d=\"M0,0h24v24H0V0z\"><\/path><path d=\"M13,7h-2v4H7v2h4v4h2v-4h4v-2h-4V7z M12,2C6.48,2,2,6.48,2,12s4.48,10,10,10s10-4.48,10-10S17.52,2,12,2z M12,20 c-4.41,0-8-3.59-8-8s3.59-8,8-8s8,3.59,8,8S16.41,20,12,20z\"><\/path><\/svg><\/span><h4 class=\"advgb-accordion-header-title\" style=\"color:inherit\">Neigungsfach Musik<\/h4><\/div><div class=\"advgb-accordion-body\" style=\"background-color:#7bdcb5;border-style:solid !important;border-width:0px !important;border-color:undefined !important;border-top:none !important;border-radius:2px !important\">\n<p>Im Neigungsfach Musik wird jahrgangs\u00fcbergreifend unterrichtet. Eine Differenzierung in Percussion, Chor und Geige ist m\u00f6glich.  <\/p>\n\n\n\n<p>So ist in den letzten drei Jahren eine gro\u00dfe Gruppe musizierender Jugendlicher entstanden, die sich stark in das kulturelle Leben der Schule einbringt.<\/p>\n<\/div><\/div>\n<\/div>\n\n\n\n<p><strong>Methodencurriculum<\/strong><br \/>In allen Klassenstufen werden auch die unterschiedlichen Methoden geschult. Daf\u00fcr gibt es an der Holstenschule ein <strong>Methodencurriculum<\/strong>, das f\u00fcr die einzelnen Jahrg\u00e4nge festlegt, welche Methoden erlernt und ge\u00fcbt werden.<\/p>\n\n\n\n<div class=\"wp-block-advgb-accordions advgb-accordions-c8be02f9-0cc1-466c-948c-b6e4fb6de6a0 advgb-accordion-wrapper\" data-collapsed=\"true\">\n<div class=\"wp-block-advgb-accordion-item advgb-accordion-item\" style=\"margin-bottom:15px\"><div class=\"advgb-accordion-header\" style=\"background-color:#abb8c3;color:#313131;border-style:solid;border-width:0px;border-radius:2px\"><span class=\"advgb-accordion-header-icon\"><svg fill=\"#fff\" xmlns=\"http:\/\/www.w3.org\/2000\/svg\" width=\"24\" height=\"24\" viewBox=\"0 0 24 24\"><path fill=\"none\" d=\"M0,0h24v24H0V0z\"><\/path><path d=\"M13,7h-2v4H7v2h4v4h2v-4h4v-2h-4V7z M12,2C6.48,2,2,6.48,2,12s4.48,10,10,10s10-4.48,10-10S17.52,2,12,2z M12,20 c-4.41,0-8-3.59-8-8s3.59-8,8-8s8,3.59,8,8S16.41,20,12,20z\"><\/path><\/svg><\/span><h4 class=\"advgb-accordion-header-title\" style=\"color:inherit\">Methodencurriculum<\/h4><\/div><div class=\"advgb-accordion-body\" style=\"background-color:#eeeeee;border-style:solid !important;border-width:0px !important;border-color:undefined !important;border-top:none !important;border-radius:2px !important\">\n<figure class=\"wp-block-image size-large\"><img loading=\"lazy\" decoding=\"async\" width=\"767\" height=\"486\" src=\"https:\/\/www.holstenschule.de\/info\/wp-content\/uploads\/2022\/01\/methoden1.png\" alt=\"\" class=\"wp-image-18758\" srcset=\"https:\/\/www.holstenschule.de\/info\/wp-content\/uploads\/2022\/01\/methoden1.png 767w, https:\/\/www.holstenschule.de\/info\/wp-content\/uploads\/2022\/01\/methoden1-400x253.png 400w\" sizes=\"auto, (max-width: 767px) 100vw, 767px\" \/><\/figure>\n\n\n\n<figure class=\"wp-block-image size-large\"><img loading=\"lazy\" decoding=\"async\" width=\"766\" height=\"469\" src=\"https:\/\/www.holstenschule.de\/info\/wp-content\/uploads\/2022\/01\/methoden2.png\" alt=\"\" class=\"wp-image-18759\" srcset=\"https:\/\/www.holstenschule.de\/info\/wp-content\/uploads\/2022\/01\/methoden2.png 766w, https:\/\/www.holstenschule.de\/info\/wp-content\/uploads\/2022\/01\/methoden2-400x245.png 400w\" sizes=\"auto, (max-width: 766px) 100vw, 766px\" \/><\/figure>\n\n\n\n<figure class=\"wp-block-image size-large\"><img loading=\"lazy\" decoding=\"async\" width=\"783\" height=\"424\" src=\"https:\/\/www.holstenschule.de\/info\/wp-content\/uploads\/2022\/01\/methoden3.png\" alt=\"\" class=\"wp-image-18760\" srcset=\"https:\/\/www.holstenschule.de\/info\/wp-content\/uploads\/2022\/01\/methoden3.png 783w, https:\/\/www.holstenschule.de\/info\/wp-content\/uploads\/2022\/01\/methoden3-400x217.png 400w, https:\/\/www.holstenschule.de\/info\/wp-content\/uploads\/2022\/01\/methoden3-768x416.png 768w\" sizes=\"auto, (max-width: 783px) 100vw, 783px\" \/><\/figure>\n<\/div><\/div>\n<\/div>\n\n\n\n<p><strong>Medienkompetenz<\/strong><br \/>Aktuell wird unser Konzept zum Thema <strong>Lernen mit digitalen Medien<\/strong> an die neuen Vorgaben des Landes angepasst. Die endg\u00fcltige Version wird Bestandteil des Schulprogramms.<\/p>\n\n\n\n<div class=\"wp-block-advgb-accordions advgb-accordions-f5e9b780-5d95-46e2-84ac-04ba4e394cae advgb-accordion-wrapper\" data-collapsed=\"true\">\n<div class=\"wp-block-advgb-accordion-item advgb-accordion-item\" style=\"margin-bottom:15px\"><div class=\"advgb-accordion-header\" style=\"background-color:#abb8c3;color:#313131;border-style:solid;border-width:0px;border-radius:2px\"><span class=\"advgb-accordion-header-icon\"><svg fill=\"#fff\" xmlns=\"http:\/\/www.w3.org\/2000\/svg\" width=\"24\" height=\"24\" viewBox=\"0 0 24 24\"><path fill=\"none\" d=\"M0,0h24v24H0V0z\"><\/path><path d=\"M13,7h-2v4H7v2h4v4h2v-4h4v-2h-4V7z M12,2C6.48,2,2,6.48,2,12s4.48,10,10,10s10-4.48,10-10S17.52,2,12,2z M12,20 c-4.41,0-8-3.59-8-8s3.59-8,8-8s8,3.59,8,8S16.41,20,12,20z\"><\/path><\/svg><\/span><h4 class=\"advgb-accordion-header-title\" style=\"color:inherit\">Lernen mit digitalen Medien<\/h4><\/div><div class=\"advgb-accordion-body\" style=\"background-color:#00d084;border-style:solid !important;border-width:0px !important;border-color:undefined !important;border-top:none !important;border-radius:2px !important\">\n<p>Unser Medienkonzept befindet sich noch in der Entwicklung. Es ber\u00fccksichtigt einerseits den <strong>Bildungsauftrag der Schule in einer digitalen Welt<\/strong> (KMK-Beschluss vom 8.12.2016) und die <strong>Erg\u00e4nzungen zu den Fachanforderungen:  Medienkompetenz &#8211; Lernen mit digitalen Medien<\/strong><em> <\/em>(MBWK, Juli 2018), andererseits unseren Anspruch, unseren Sch\u00fcler*innen einen guten Unterricht anzubieten, der alle M\u00f6glichkeiten, die der Einsatz moderner Medien bietet, im sinnvollen Ma\u00dfe nutzt.<\/p>\n\n\n\n<p>Unsere Sch\u00fcler*innen sollen kontinuierlich ihre Kompetenzen in den sechs Bereichen \u201eSuchen, Verarbeiten und Aufbewahren\u201c \/ \u201eKommunizieren und Kooperieren\u201c \/ \u201eProduzieren und Pr\u00e4sentieren\u201c \/ \u201eSch\u00fctzen und sicher Agieren\u201c \/ \u201eProbleml\u00f6sen und Handeln\u201c \/ \u201eAnalysieren und Reflektieren\u201c erweitern, um gut auf das Leben in der digitalen Welt vorbereitet zu sein.<\/p>\n\n\n\n<p>Eine gut funktionierende und aktuelle Ausstattung der Schule ist unbedingt erforderlich, damit Lehrkr\u00e4fte Sch\u00fcler*innen erfolgreich auf dem Weg zum Erreichen dieser Kompetenzen begleiten k\u00f6nnen. Dies kann nur gelingen, wenn die Lehrkr\u00e4fte selbst die M\u00f6glichkeiten nutzen und im reflektierten Umgang mit ihnen eine Vorbildfunktion einnehmen.<\/p>\n\n\n\n<p>Im Sinne der Chancengleichheit im Bildungssystem muss die Ausstattung der Schule so sein, dass sie allen Sch\u00fcler*innen das Erreichen dieser Kompetenzen erm\u00f6glicht, unabh\u00e4ngig von der finanziellen Situation im Elternhaus.<\/p>\n\n\n\n<p>Aus diesen \u00fcbergeordneten Zielen ergeben sich drei grundlegende Pr\u00e4missen f\u00fcr die Ausstattung der Schule:<\/p>\n\n\n\n<ul class=\"wp-block-list\">\n<li>In einer Welt, in der das Internet omnipr\u00e4sent ist, muss in der Schule ein fl\u00e4chendeckendes und stabiles W-LAN (mit einer praktikablen Benutzerkontenverwaltung) verf\u00fcgbar sein. <\/li>\n\n\n\n<li>Eine zeitgem\u00e4\u00dfe (und p\u00e4dagogisch sinnvolle) technische Ausstattung muss in allen Fach- und Klassenr\u00e4umen vorhanden sein. <\/li>\n\n\n\n<li>Ein einwandfreies Funktionieren dieser Ausstattung muss zu jedem Zeitpunkt und auch bei gleichzeitiger Anwendung durch sehr viele Nutzer gew\u00e4hrleistet sein. <\/li>\n<\/ul>\n\n\n\n<p>Gemeinsam mit dem Schultr\u00e4ger arbeiten wir daran, dass diese Voraussetzungen m\u00f6glichst bald erf\u00fcllt sind. Unsere Fachschaften setzen sich mit den Fachanforderungen und ihrer konkreten Implementierung in die Fachcurricula auseinander. Eine Projektgruppe sammelt die Arbeitsergebnisse der Fachschaften und verzahnt diese mit dem bestehenden Methodenkonzept und dem Pr\u00e4ventionskonzept.<\/p>\n\n\n\n<p>Ergebnisse\ndieser Arbeit werden demn\u00e4chst an dieser Stelle nachzulesen sein.<\/p>\n<\/div><\/div>\n<\/div>\n\n\n\n<p><strong>Wahlpflichtunterricht in der Mittelstufe<\/strong><br \/>Ab der 9. Klassenstufe haben die Sch\u00fcler*innen die Wahlm\u00f6glichkeit zwischen verschiedenen <strong>Wahlpflichtf\u00e4chern<\/strong>. In der Regel werden an der Holstenschule Darstellendes Spiel, Fine Arts, Technik, Informatik und Elektronik\/ROBERTA als Wahlpflichtkurse angeboten.<\/p>\n\n\n\n<div class=\"wp-block-advgb-accordions advgb-accordions-eba59f4f-ae5b-4eb9-9361-973ae370b504 advgb-accordion-wrapper\" data-collapsed=\"true\">\n<div class=\"wp-block-advgb-accordion-item advgb-accordion-item\" style=\"margin-bottom:15px\"><div class=\"advgb-accordion-header\" style=\"background-color:#abb8c3;color:#313131;border-style:solid;border-width:0px;border-radius:2px\"><span class=\"advgb-accordion-header-icon\"><svg fill=\"#fff\" xmlns=\"http:\/\/www.w3.org\/2000\/svg\" width=\"24\" height=\"24\" viewBox=\"0 0 24 24\"><path fill=\"none\" d=\"M0,0h24v24H0V0z\"><\/path><path d=\"M13,7h-2v4H7v2h4v4h2v-4h4v-2h-4V7z M12,2C6.48,2,2,6.48,2,12s4.48,10,10,10s10-4.48,10-10S17.52,2,12,2z M12,20 c-4.41,0-8-3.59-8-8s3.59-8,8-8s8,3.59,8,8S16.41,20,12,20z\"><\/path><\/svg><\/span><h4 class=\"advgb-accordion-header-title\" style=\"color:inherit\">Wahlpflichtunterricht<\/h4><\/div><div class=\"advgb-accordion-body\" style=\"background-color:#00d084;border-style:solid !important;border-width:0px !important;border-color:undefined !important;border-top:none !important;border-radius:2px !important\">\n<p>Im 9. Schuljahr belegen die Sch\u00fcler*innen ein Wahlpflichtfach, das in Kursen unterrichtet wird. Das Angebot an F\u00e4chern variiert von Jahr zu Jahr leicht und ist abh\u00e4ngig von den jeweiligen Rahmenbedingungen. Die Einteilung der Sch\u00fcler*innen in die Kurse erfolgt nach einem Wahlverfahren, welches im zweiten Halbjahr der 8. Klasse durchgef\u00fchrt wird. Alle Kurse werden in der 9. und 10. Klasse dreist\u00fcndig unterrichtet.<\/p>\n\n\n\n<p>Im Wahlpflichtbereich der Holstenschule finden sich z.B. folgende Kurse im Angebot:<\/p>\n\n\n\n<ul class=\"wp-block-list\">\n<li>Latein, Franz\u00f6sisch und\/oder Spanisch als dritte Fremdsprache<\/li>\n\n\n\n<li>Portugiesisch<\/li>\n\n\n\n<li>Angewandte Informatik<\/li>\n\n\n\n<li>Technik<\/li>\n\n\n\n<li>Darstellendes Spiel (Schultheater)<\/li>\n\n\n\n<li>ROBERTA, Elektronik<\/li>\n\n\n\n<li>Nachhaltigkeit \u2013 auf dem Weg zum Einklang von \u00d6kologie, Wirtschaft und Gesellschaft<\/li>\n\n\n\n<li>Europa \u2013 in Vielfalt geeint<\/li>\n\n\n\n<li>\u201eFine Arts\u201c (Kunstunterricht mit der Kommunikationssprache Englisch)<\/li>\n<\/ul>\n\n\n\n<p>\u00dcber das Zustandekommen der Kurse entscheidet neben den jeweiligen Klassengr\u00f6\u00dfen das Wahlverhalten der Sch\u00fcler*innen. Die Sprachkurse sind in der Regel \u00fcberschaubar klein, was eine hohe \u00dcbungsintensit\u00e4t erm\u00f6glicht. Hier ist eine optimale Vorbereitung f\u00fcr die Wahl eines Sprachprofils in der Oberstufe gegeben. Bei Interesse kann ein Lateinkurs in der Oberstufe zum Latinum fortgef\u00fchrt werden.<\/p>\n<\/div><\/div>\n<\/div>\n\n\n\n<p><strong>Profilbildung in der Oberstufe<\/strong><br \/>Seit Jahren bietet die Holstenschule ein vielf\u00e4ltiges Angebot in der Profiloberstufe. Neben einem Sprachprofil stehen naturwissenschaftliche, gesellschaftswissenschaftliche, k\u00fcnstlerische und Sportprofile zur Auswahl. Sch\u00fcler*innen, die von einer Gemeinschaftsschule an die Holstenschule in die Oberstufe wechseln, haben die M\u00f6glichkeit, eine zweite neue Fremdsprache zu erlernen.  <\/p>\n\n\n\n<p><strong>Studien- und Berufsorientierung<\/strong><br \/>F\u00fcr die Mittel- und Oberstufe existiert ein schulinternes Curriculum zur <strong>Berufsorientierung<\/strong>. <\/p>\n\n\n\n<div class=\"wp-block-advgb-accordions advgb-accordions-7f076bab-47f1-4e45-8e82-cc72047654bb advgb-accordion-wrapper\" data-collapsed=\"true\">\n<div class=\"wp-block-advgb-accordion-item advgb-accordion-item\" style=\"margin-bottom:15px\"><div class=\"advgb-accordion-header\" style=\"background-color:#abb8c3;color:#313131;border-style:solid;border-width:0px;border-radius:2px\"><span class=\"advgb-accordion-header-icon\"><svg fill=\"#fff\" xmlns=\"http:\/\/www.w3.org\/2000\/svg\" width=\"24\" height=\"24\" viewBox=\"0 0 24 24\"><path fill=\"none\" d=\"M0,0h24v24H0V0z\"><\/path><path d=\"M13,7h-2v4H7v2h4v4h2v-4h4v-2h-4V7z M12,2C6.48,2,2,6.48,2,12s4.48,10,10,10s10-4.48,10-10S17.52,2,12,2z M12,20 c-4.41,0-8-3.59-8-8s3.59-8,8-8s8,3.59,8,8S16.41,20,12,20z\"><\/path><\/svg><\/span><h4 class=\"advgb-accordion-header-title\" style=\"color:inherit\">Berufsorientierung<\/h4><\/div><div class=\"advgb-accordion-body\" style=\"background-color:#eeeeee;border-style:solid !important;border-width:0px !important;border-color:undefined !important;border-top:none !important;border-radius:2px !important\">\n<figure class=\"wp-block-gallery has-nested-images columns-default is-cropped wp-block-gallery-8 is-layout-flex wp-block-gallery-is-layout-flex\">\n<figure class=\"wp-block-image size-large\"><img loading=\"lazy\" decoding=\"async\" width=\"896\" height=\"496\" data-id=\"18761\" src=\"https:\/\/www.holstenschule.de\/info\/wp-content\/uploads\/2022\/01\/berufsorientierung1.png\" alt=\"\" class=\"wp-image-18761\" srcset=\"https:\/\/www.holstenschule.de\/info\/wp-content\/uploads\/2022\/01\/berufsorientierung1.png 896w, https:\/\/www.holstenschule.de\/info\/wp-content\/uploads\/2022\/01\/berufsorientierung1-400x221.png 400w, https:\/\/www.holstenschule.de\/info\/wp-content\/uploads\/2022\/01\/berufsorientierung1-768x425.png 768w\" sizes=\"auto, (max-width: 896px) 100vw, 896px\" \/><\/figure>\n<\/figure>\n\n\n\n<figure class=\"wp-block-gallery has-nested-images columns-default is-cropped wp-block-gallery-9 is-layout-flex wp-block-gallery-is-layout-flex\">\n<figure class=\"wp-block-image size-large\"><img loading=\"lazy\" decoding=\"async\" width=\"896\" height=\"527\" data-id=\"18762\" src=\"https:\/\/www.holstenschule.de\/info\/wp-content\/uploads\/2022\/01\/berufsorientierung2.png\" alt=\"\" class=\"wp-image-18762\" srcset=\"https:\/\/www.holstenschule.de\/info\/wp-content\/uploads\/2022\/01\/berufsorientierung2.png 896w, https:\/\/www.holstenschule.de\/info\/wp-content\/uploads\/2022\/01\/berufsorientierung2-400x235.png 400w, https:\/\/www.holstenschule.de\/info\/wp-content\/uploads\/2022\/01\/berufsorientierung2-768x452.png 768w\" sizes=\"auto, (max-width: 896px) 100vw, 896px\" \/><\/figure>\n<\/figure>\n\n\n\n<figure class=\"wp-block-gallery has-nested-images columns-default is-cropped wp-block-gallery-10 is-layout-flex wp-block-gallery-is-layout-flex\">\n<figure class=\"wp-block-image size-large\"><img loading=\"lazy\" decoding=\"async\" width=\"896\" height=\"292\" data-id=\"18763\" src=\"https:\/\/www.holstenschule.de\/info\/wp-content\/uploads\/2022\/01\/berufsorientierung3.png\" alt=\"\" class=\"wp-image-18763\" srcset=\"https:\/\/www.holstenschule.de\/info\/wp-content\/uploads\/2022\/01\/berufsorientierung3.png 896w, https:\/\/www.holstenschule.de\/info\/wp-content\/uploads\/2022\/01\/berufsorientierung3-400x130.png 400w, https:\/\/www.holstenschule.de\/info\/wp-content\/uploads\/2022\/01\/berufsorientierung3-768x250.png 768w\" sizes=\"auto, (max-width: 896px) 100vw, 896px\" \/><\/figure>\n<\/figure>\n<\/div><\/div>\n<\/div>\n\n\n\n<p><strong>Begabtenf\u00f6rderung<\/strong><br \/>Die Holstenschule bietet Sch\u00fcler*innen M\u00f6glichkeiten der <strong>Begabtenf\u00f6rderung <\/strong>und ist zus\u00e4tzlich St\u00fctz\u00adpunktschule des Enrichment-Programmes Schleswig-Holstein.<\/p>\n\n\n\n<div class=\"wp-block-advgb-accordions advgb-accordions-fa622ada-8650-4099-81c5-3e0ecd8d0a9e advgb-accordion-wrapper\" data-collapsed=\"true\">\n<div class=\"wp-block-advgb-accordion-item advgb-accordion-item\" style=\"margin-bottom:15px\"><div class=\"advgb-accordion-header\" style=\"background-color:#abb8c3;color:#313131;border-style:solid;border-width:0px;border-radius:2px\"><span class=\"advgb-accordion-header-icon\"><svg fill=\"#fff\" xmlns=\"http:\/\/www.w3.org\/2000\/svg\" width=\"24\" height=\"24\" viewBox=\"0 0 24 24\"><path fill=\"none\" d=\"M0,0h24v24H0V0z\"><\/path><path d=\"M13,7h-2v4H7v2h4v4h2v-4h4v-2h-4V7z M12,2C6.48,2,2,6.48,2,12s4.48,10,10,10s10-4.48,10-10S17.52,2,12,2z M12,20 c-4.41,0-8-3.59-8-8s3.59-8,8-8s8,3.59,8,8S16.41,20,12,20z\"><\/path><\/svg><\/span><h4 class=\"advgb-accordion-header-title\" style=\"color:inherit\">Begabtenf\u00f6rderung<\/h4><\/div><div class=\"advgb-accordion-body\" style=\"background-color:#8ed1fc;border-style:solid !important;border-width:0px !important;border-color:undefined !important;border-top:none !important;border-radius:2px !important\">\n<p><strong>Enrichment-Programm<\/strong><br \/>Die Holstenschule beteiligt sich seit Jahren am Enrichment-Programm des Landes Schleswig-Holstein. Das Angebot richtet sich an besonders interessierte und motivierte Sch\u00fcler*innen, die Spa\u00df und Freude an der Auseinandersetzung mit spannenden Themen haben und \u00fcber den Schulunterricht hinaus neue Herausforderungen intellektueller Art suchen. Rund 10% unserer Sch\u00fcler*innen haben die M\u00f6glichkeit, an den Angeboten der St\u00fctzpunktschulen des Verbunds Neum\u00fcnster \/ Segeberg \/ Pinneberg teilzunehmen und \u00fcber den Unterrichtsstoff hinaus Kurse in naturwissenschaftlichen, sprachlichen oder IT-Bereichen zu belegen. Dieses Angebot richtet sich an alle Klassenstufen, von Klasse 5 bis 12 bzw. 13.  <\/p>\n\n\n\n<p>Dar\u00fcber hinaus ist die Holstenschule St\u00fctzpunktschule des Enrichment-Programms. Das bedeutet, dass Lehrkr\u00e4fte der Holstenschule regelm\u00e4\u00dfig zahlreiche Kurse in verschiedenen Fachbereichen anbieten und an der Schule durchf\u00fchren.<\/p>\n\n\n\n<p><strong>Deutsche Sch\u00fclerAkademie \/ JuniorAkademie<\/strong><br \/><strong>Klassen 6 und 7<\/strong><br \/>Zwei Sch\u00fcler*innen aus der 6. und 7. Klassenstufe k\u00f6nnen jedes Jahr an der JuniorAkademie teilnehmen. Die JuniorAkademie findet immer in den Sommerferien in Bad Segeberg statt. Ein wichtiges Kriterium f\u00fcr die Teilnahme sind herausragende schulische Leistungen. Gef\u00f6rdert werden hier sowohl mathematisch-naturwissenschaftliche als auch sprachliche und k\u00fcnstlerische F\u00e4higkeiten.<\/p>\n\n\n\n<p><strong>Klassen 8 und 9<\/strong><br \/>Zwei Sch\u00fcler*innen aus der 8. und 9. Klassenstufe k\u00f6nnen jedes Jahr in den Sommerferien an der JuniorAkademie in St. Peter-Ording teilnehmen. Auch hier sind die schulischen Leistungen das wichtigste Kriterium und vielf\u00e4ltige Begabungen werden angesprochen.  <\/p>\n\n\n\n<p><strong>Klasse E und Q1<\/strong><br \/>Au\u00dferdem empfiehlt die Holstenschule j\u00e4hrlich zwei Sch\u00fcler*innen zur Teilnahme an der Deutschen Sch\u00fclerAkademie. Hier k\u00f6nnen die zwei Sch\u00fcler*innen spezielle f\u00fcr sie interessante Kurse, die in unterschiedlichen Orten in ganz Deutschland stattfinden, ausw\u00e4hlen und besuchen.<\/p>\n\n\n\n<p><strong>Weitere Angebote<\/strong><br \/>F\u00fcr zwei Sch\u00fcler*innen mit Migrationshintergrund bietet die Start-Stiftung eine aktive Unterst\u00fctzung an. Voraussetzung ist das Interesse der Jugendlichen, sich zu engagieren und sich aktiv am Programm zu beteiligen.  <\/p>\n\n\n\n<p>Dar\u00fcber hinaus gibt es an der Holstenschule viele Arbeitsgemeinschaften, die von allen Sch\u00fcler*innen besucht werden k\u00f6nnen. Die Nawi-AG z.B. bietet \u00fcber experimentelles Lernen eine Erg\u00e4nzung in naturwissenschaftlichen Fragestellungen.  <\/p>\n\n\n\n<p>Schlie\u00dflich beteiligt sich die Holstenschule an vielen Wettbewerben, wie z.B: der Mathe Olympiade und dem K\u00e4nguru-Wettbewerb.  <\/p>\n<\/div><\/div>\n<\/div>\n\n\n\n<p><strong>DaZ-F\u00f6rderung<\/strong><br \/>F\u00fcr Kinder mit erh\u00f6htem F\u00f6rderbedarf bei der Verwendung der deutschen Sprache ist ein <strong>DaZ-Kurs<\/strong> (Deutsch als Zweitsprache) eingerichtet.<\/p>\n\n\n\n<div class=\"wp-block-advgb-accordions advgb-accordions-f3a93de2-6088-4e2a-92f5-95b629a83e9b advgb-accordion-wrapper\" data-collapsed=\"true\">\n<div class=\"wp-block-advgb-accordion-item advgb-accordion-item\" style=\"margin-bottom:15px\"><div class=\"advgb-accordion-header\" style=\"background-color:#abb8c3;color:#313131;border-style:solid;border-width:0px;border-radius:2px\"><span class=\"advgb-accordion-header-icon\"><svg fill=\"#fff\" xmlns=\"http:\/\/www.w3.org\/2000\/svg\" width=\"24\" height=\"24\" viewBox=\"0 0 24 24\"><path fill=\"none\" d=\"M0,0h24v24H0V0z\"><\/path><path d=\"M13,7h-2v4H7v2h4v4h2v-4h4v-2h-4V7z M12,2C6.48,2,2,6.48,2,12s4.48,10,10,10s10-4.48,10-10S17.52,2,12,2z M12,20 c-4.41,0-8-3.59-8-8s3.59-8,8-8s8,3.59,8,8S16.41,20,12,20z\"><\/path><\/svg><\/span><h4 class=\"advgb-accordion-header-title\" style=\"color:inherit\">DAZ-F\u00f6rderung<\/h4><\/div><div class=\"advgb-accordion-body\" style=\"background-color:#8ed1fc;border-style:solid !important;border-width:0px !important;border-color:undefined !important;border-top:none !important;border-radius:2px !important\">\n<p>F\u00fcr Kinder mit erh\u00f6htem F\u00f6rderbedarf bei der Verwendung der Deutschen Sprache ist ein DaZ-Kurs (Deutsch als Zweitsprache) eingerichtet, in dem individuell auf die sprachlichen Probleme der Sch\u00fcler*innen eingegangen wird.<\/p>\n<\/div><\/div>\n<\/div>\n\n\n\n<p> <strong>Wandertage\/Klassenfahrten\/Exkursionen<\/strong><br \/>Zum schulischen Alltag geh\u00f6ren selbstverst\u00e4ndlich Wandertage, Klassenfahrten und Exkursionen.  Diese Unternehmungen fallen unter den Begriff <em><strong>\u201eLernen am anderen Ort\u201c.<\/strong><\/em> Es gibt an der Holstenschule ein <strong>schulinternes Exkursions- und Wandertagskonzept<\/strong>.<\/p>\n\n\n\n<p>W\u00e4hrend\ndie Exkursionen fachliche Inhalte vertiefen, dienen Wandertage der\nSt\u00e4rkung der Klassen\u00adgemeinschaft.<\/p>\n\n\n\n<p>Verbindliche <strong>Klassenfahrten<\/strong> finden in der Orientierungsstufe, der Mittelstufe und Oberstufe statt.<\/p>\n\n\n\n<div class=\"wp-block-advgb-accordions advgb-accordions-8743789a-4386-4dbe-988a-53b43917b238 advgb-accordion-wrapper\" data-collapsed=\"true\">\n<div class=\"wp-block-advgb-accordion-item advgb-accordion-item\" style=\"margin-bottom:15px\"><div class=\"advgb-accordion-header\" style=\"background-color:#abb8c3;color:#313131;border-style:solid;border-width:0px;border-radius:2px\"><span class=\"advgb-accordion-header-icon\"><svg fill=\"#fff\" xmlns=\"http:\/\/www.w3.org\/2000\/svg\" width=\"24\" height=\"24\" viewBox=\"0 0 24 24\"><path fill=\"none\" d=\"M0,0h24v24H0V0z\"><\/path><path d=\"M13,7h-2v4H7v2h4v4h2v-4h4v-2h-4V7z M12,2C6.48,2,2,6.48,2,12s4.48,10,10,10s10-4.48,10-10S17.52,2,12,2z M12,20 c-4.41,0-8-3.59-8-8s3.59-8,8-8s8,3.59,8,8S16.41,20,12,20z\"><\/path><\/svg><\/span><h4 class=\"advgb-accordion-header-title\" style=\"color:inherit\">Schulinternes Exkursions- und Wandertagkonzept<\/h4><\/div><div class=\"advgb-accordion-body\" style=\"background-color:#8ed1fc;border-style:solid !important;border-width:0px !important;border-color:undefined !important;border-top:none !important;border-radius:2px !important\">\n<p>Klasse 5: Weihnachtsm\u00e4rchen (Deutsch \/ Kunst \/ Musik)<br \/>Klasse 7: Sheff-Z-Mobil (Physik)<br \/>Klasse 9: KZ-Gedenkst\u00e4tte Neuengamme (Geschichte)<br \/>Klasse E: Landtag (Wirtschaft-Politik)<br \/>Klasse E: Hamburg Stadtentwicklung (Geographie)<br \/>Oberstufe: Theaterbesuche, antikes Trier (mehrt\u00e4gig, Latein), profilgebundene Exkursionen<\/p>\n<\/div><\/div>\n<\/div>\n\n\n\n<div class=\"wp-block-advgb-accordions advgb-accordions-d4d86430-9252-49d7-89df-084033a3ef13 advgb-accordion-wrapper\" data-collapsed=\"true\">\n<div class=\"wp-block-advgb-accordion-item advgb-accordion-item\" style=\"margin-bottom:15px\"><div class=\"advgb-accordion-header\" style=\"background-color:#abb8c3;color:#313131;border-style:solid;border-width:0px;border-radius:2px\"><span class=\"advgb-accordion-header-icon\"><svg fill=\"#fff\" xmlns=\"http:\/\/www.w3.org\/2000\/svg\" width=\"24\" height=\"24\" viewBox=\"0 0 24 24\"><path fill=\"none\" d=\"M0,0h24v24H0V0z\"><\/path><path d=\"M13,7h-2v4H7v2h4v4h2v-4h4v-2h-4V7z M12,2C6.48,2,2,6.48,2,12s4.48,10,10,10s10-4.48,10-10S17.52,2,12,2z M12,20 c-4.41,0-8-3.59-8-8s3.59-8,8-8s8,3.59,8,8S16.41,20,12,20z\"><\/path><\/svg><\/span><h4 class=\"advgb-accordion-header-title\" style=\"color:inherit\">Klassenfahrten<\/h4><\/div><div class=\"advgb-accordion-body\" style=\"background-color:#8ed1fc;border-style:solid !important;border-width:0px !important;border-color:undefined !important;border-top:none !important;border-radius:2px !important\">\n<p>In\nder Orientierungsstufe fahren alle 5. Klassen f\u00fcr eine Schulwoche an\ndie Nordsee nach Sankt Peter-Ording. Die St\u00e4rkung der\nKlassengemeinschaft und gemeinsame Aktivit\u00e4ten stehen dabei im\nVordergrund.<\/p>\n\n\n\n<p>In\nder Mittelstufe besteht in Klasse 9 die langj\u00e4hrige Tradition einer\neinw\u00f6chigen Skiklassenfahrt nach Vals\/Italien. Hier liegt der\nSchwerpunkt auf dem Erlernen einer (fast allen) unbekannten Sportart.\nAndere Ziele mit sportlichem Programm sind m\u00f6glich, allerdings\nentscheiden sich die meisten Klassenleitungen mit Sch\u00fcler*innen und\nEltern f\u00fcr das bew\u00e4hrte Konzept: Unsere Lehrkr\u00e4fte bringen unseren\nSch\u00fcler*innen mit Freude das Skifahren innerhalb einer Woche bei.\nJugendliche, die bereits Ski- oder Snowboarderfahrung haben,\nunterst\u00fctzen die Lehrkr\u00e4fte und k\u00f6nnen so Verantwortung\n\u00fcbernehmen. Gemeinsame abendliche Freizeitaktivit\u00e4ten und ein\nTagesausflug nach Brixen oder Bozen runden das Programm ab.<\/p>\n\n\n\n<p>In\nder Oberstufe finden Klassenfahrten mit Profilbezug in das\neurop\u00e4ische Ausland mit kulturellem (oder auch sportlichem) Programm\nstatt. Die Sch\u00fcler*innen sind aktiv an der Ausgestaltung des\nProgramms ihrer Studienreise beteiligt. Barcelona, Lissabon, Rom,\nPrag, Krakau, die Toskana, Slowenien und der Gardasee seien hier\nbeispielhaft als Ziele der letzten Jahrg\u00e4nge erw\u00e4hnt.<\/p>\n<\/div><\/div>\n<\/div>\n\n\n\n<h3 class=\"wp-block-heading\">\n<strong>Offene\nGanztagsschule<\/strong><\/h3>\n\n\n\n<p> <strong>Mittagsband<\/strong><br \/>Von montags bis freitags k\u00f6nnen Sch\u00fcler*innen der Holstenschule im Rahmen des <strong>Mittagsbandes <\/strong>unterschiedliche Angebote wahrnehmen, die von der Firma \u201efjoerde sozial-wirtschaftlicher Dienst\u201c<sup> <\/sup>und dem Kollegium der Holstenschule betreut werden.<\/p>\n\n\n\n<div class=\"wp-block-advgb-accordions advgb-accordions-16471863-c8ea-4ec9-bb27-58aba63f6446 advgb-accordion-wrapper\" data-collapsed=\"true\">\n<div class=\"wp-block-advgb-accordion-item advgb-accordion-item\" style=\"margin-bottom:15px\"><div class=\"advgb-accordion-header\" style=\"background-color:#abb8c3;color:#313131;border-style:solid;border-width:0px;border-radius:2px\"><span class=\"advgb-accordion-header-icon\"><svg fill=\"#fff\" xmlns=\"http:\/\/www.w3.org\/2000\/svg\" width=\"24\" height=\"24\" viewBox=\"0 0 24 24\"><path fill=\"none\" d=\"M0,0h24v24H0V0z\"><\/path><path d=\"M13,7h-2v4H7v2h4v4h2v-4h4v-2h-4V7z M12,2C6.48,2,2,6.48,2,12s4.48,10,10,10s10-4.48,10-10S17.52,2,12,2z M12,20 c-4.41,0-8-3.59-8-8s3.59-8,8-8s8,3.59,8,8S16.41,20,12,20z\"><\/path><\/svg><\/span><h4 class=\"advgb-accordion-header-title\" style=\"color:inherit\">Mittagsband<\/h4><\/div><div class=\"advgb-accordion-body\" style=\"background-color:#eeeeee;border-style:solid !important;border-width:0px !important;border-color:undefined !important;border-top:none !important;border-radius:2px !important\">\n<p><strong>Mittagessen und Cafeteriabetrieb von 7:00 bis 14:00 Uhr<\/strong><br \/> In der Mittagszeit von 12:15 bis 14:00 Uhr k\u00f6nnen Sch\u00fcler*innen der Holstenschule in der schuleigenen Mensa ein (vorbestelltes) Mittagessen zu sich nehmen. Hierbei stehen \u00fcber die \u201efjoerde sozial-wirtschaftlicher Dienst\u201c aus Kiel angestellte Student*innen als Aufsicht zur Verf\u00fcgung und sorgen mit f\u00fcr einen reibungslosen Ablauf der Essensausgabe und -einnahme. Die Cafeteria ist von 7:00 bis 14:00 Uhr ge\u00f6ffnet.<\/p>\n\n\n\n<p> <strong>Hausaufgabenbetreuung und F\u00f6rderunterricht f\u00fcr die Klassen 5 &#8211; 7<\/strong><\/p>\n\n\n\n<figure class=\"wp-block-gallery has-nested-images columns-default is-cropped wp-block-gallery-11 is-layout-flex wp-block-gallery-is-layout-flex\">\n<figure class=\"wp-block-image size-large\"><img loading=\"lazy\" decoding=\"async\" width=\"896\" height=\"442\" data-id=\"18764\" src=\"https:\/\/www.holstenschule.de\/info\/wp-content\/uploads\/2022\/01\/hausaufgaben_foerderunterricht.png\" alt=\"\" class=\"wp-image-18764\" srcset=\"https:\/\/www.holstenschule.de\/info\/wp-content\/uploads\/2022\/01\/hausaufgaben_foerderunterricht.png 896w, https:\/\/www.holstenschule.de\/info\/wp-content\/uploads\/2022\/01\/hausaufgaben_foerderunterricht-400x197.png 400w, https:\/\/www.holstenschule.de\/info\/wp-content\/uploads\/2022\/01\/hausaufgaben_foerderunterricht-768x379.png 768w\" sizes=\"auto, (max-width: 896px) 100vw, 896px\" \/><\/figure>\n<\/figure>\n\n\n\n<p><strong>Arbeitsgemeinschaften im Schuljahr 2025\/2026<\/strong><\/p>\n\n\n\n<p><strong><a href=\"https:\/\/www.holstenschule.de\/info\/arbeitsgemeinschaften\/\">Hier geht es zur den Arbeitsgemeinschaften<\/a><\/strong><\/p>\n<\/div><\/div>\n<\/div>\n\n\n\n<h3 class=\"wp-block-heading\">Gemeinsam Schule \u2013 gemeinsam Klasse sein<\/h3>\n\n\n\n<p>Wir\nm\u00f6chten, dass sich unsere Sch\u00fcler*innen bei uns gut aufgehoben\nf\u00fchlen. Wir begleiten und st\u00e4rken sie in ihrer Entwicklung zum\nErwachsenwerden, damit sie neben den unterrichtlichen Inhalten auch\nmit der notwendigen Lebenskompetenz die Schule verlassen. \n<\/p>\n\n\n\n<p><strong>Klassenleitungsstunde und Klassenrat<\/strong><br \/>Die Klassenleitungsstunde in den Klassenstufen 5\u20137 dient der St\u00e4rkung des Klassenverbandes und der Durchf\u00fchrung des Klassenrates. In diesem wird die Teilnahme an Entscheidungsprozessen sowie das Praktizieren von Demokratie einge\u00fcbt. Jedes Klassenmitglied ist gleichberechtigt und hat das Recht, sich in die aufgegriffenen Themen einzubringen.  <\/p>\n\n\n\n<p>Sch\u00fcler*innen\nfinden neben den Lehrkr\u00e4ften weitere Ansprechpartner*innen aus den\nBereichen&#8230;<\/p>\n\n\n\n<p><strong>Schulsozialarbeit<\/strong><br \/>Die Sch\u00fcler*innen werden durch die <strong>Schulsozialarbeit<\/strong> in ihrer gesamten Lebenswelt mit Blick auf Hintergr\u00fcnde, Zusammenh\u00e4nge und vorhandene Ressourcen gesehen, ernst genommen und gef\u00f6rdert.<\/p>\n\n\n\n<p><strong>Konfliktschlichtung<\/strong><br \/>Die <strong>Konfliktschlichter*innen<\/strong> k\u00f6nnen am Klassenrat teilnehmen, aber auch in einem Mediationsgespr\u00e4ch zu einer f\u00fcr alle als gerecht empfundenen Probleml\u00f6sung beitragen. Die Verantwortung f\u00fcr die Kl\u00e4rung bleibt aber nach wie vor immer bei den Lehrkr\u00e4ften.  <\/p>\n\n\n\n<p><strong>Patenschaften<\/strong><br \/>Unsere Paten sind Sch\u00fcler*innen der 9. und 10. Klasse, die freiwillig den F\u00fcnftkl\u00e4ssler*innen in ihren ersten zwei Holstenschuljahren helfen. <\/p>\n\n\n\n<p><strong>Suchtpr\u00e4vention<\/strong><br \/>Seit 2002 gibt es an der Holstenschule ein differenziertes Konzept zur <strong>Suchtpr\u00e4vention<\/strong>.<\/p>\n\n\n\n<div class=\"wp-block-advgb-accordions advgb-accordions-fe3ce1a9-d17c-4ecf-bfe4-18816fe787a9 advgb-accordion-wrapper\" data-collapsed=\"true\">\n<div class=\"wp-block-advgb-accordion-item advgb-accordion-item\" style=\"margin-bottom:15px\"><div class=\"advgb-accordion-header\" style=\"background-color:#abb8c3;color:#313131;border-style:solid;border-width:0px;border-radius:2px\"><span class=\"advgb-accordion-header-icon\"><svg fill=\"#fff\" xmlns=\"http:\/\/www.w3.org\/2000\/svg\" width=\"24\" height=\"24\" viewBox=\"0 0 24 24\"><path fill=\"none\" d=\"M0,0h24v24H0V0z\"><\/path><path d=\"M13,7h-2v4H7v2h4v4h2v-4h4v-2h-4V7z M12,2C6.48,2,2,6.48,2,12s4.48,10,10,10s10-4.48,10-10S17.52,2,12,2z M12,20 c-4.41,0-8-3.59-8-8s3.59-8,8-8s8,3.59,8,8S16.41,20,12,20z\"><\/path><\/svg><\/span><h4 class=\"advgb-accordion-header-title\" style=\"color:inherit\">Schulsozialarbeit<\/h4><\/div><div class=\"advgb-accordion-body\" style=\"background-color:#eeeeee;border-style:solid !important;border-width:0px !important;border-color:undefined !important;border-top:none !important;border-radius:2px !important\">\n<p>Die\nSch\u00fcler*innen werden durch die Schulsozialarbeit in ihrer gesamten\nLebenswelt mit Blick auf Hintergr\u00fcnde, Zusammenh\u00e4nge und vorhandene\nRessourcen gesehen, ernst genommen und gef\u00f6rdert. Diese systemische\nSichtweise bringt eine zus\u00e4tzliche p\u00e4dagogische Qualit\u00e4t in die\nSchule. \n<\/p>\n\n\n\n<p>Die\ngesetzliche Grundlage ist in erster Linie das Kinder- und\nJugendhilfegesetz des Landes Schleswig- Holstein. \n<\/p>\n\n\n\n<p>Die\nAufgabe der Schulsozialarbeit ist die Verbesserung der individuellen\nLebens- und Lernbedingungen durch die Begleitung und Unterst\u00fctzung\nder Sch\u00fcler*innen bei der Bew\u00e4ltigung von Krisen schulischer,\npers\u00f6nlicher und famili\u00e4rer Art. Die Sch\u00fcler*innen entscheiden\ndabei selbst, ob die angebotene Hilfe f\u00fcr sie von Nutzen ist und ob\nsie diese annehmen m\u00f6chten oder nicht. Eine Ablehnung bleibt\ngrunds\u00e4tzlich ohne Sanktionen. Schulsozialarbeit basiert auf\nvertraulichen Beziehungen, daher wird die rechtliche und\nberufsethische Schweigepflicht (\u00a7205 StGB) unabdingbar gegen\u00fcber\ndritten Personen eingehalten. Ausnahmen davon sind jedoch:\nKindeswohl-, Selbst- und Fremdgef\u00e4hrdung. \n<\/p>\n\n\n\n<p>Weitere\nAufgabenfelder der Schulsozialarbeit sind die<\/p>\n\n\n\n<ul class=\"wp-block-list\">\n<li>\nUnterst\u00fctzung\n\tder Eltern in famili\u00e4ren, schulischen und erzieherischen Belangen,\n\t<\/li>\n\n\n\n<li>\nBeratung\n\tund Unterst\u00fctzung von Lehrkr\u00e4ften in sozialp\u00e4dagogischen Fragen,\n\t<\/li>\n\n\n\n<li>\nDurchf\u00fchrung\n\tvon Projekten zur Pr\u00e4vention und in aktuellen Krisensituationen,\n\t<\/li>\n\n\n\n<li>\nVernetzung\n\tund \u00d6ffnung der Schule im Sozialraum,\n\t<\/li>\n\n\n\n<li>\nVerankerung\n\tsozialp\u00e4dagogischer Inhalte im Schulprofil.\n<\/li>\n<\/ul>\n<\/div><\/div>\n<\/div>\n\n\n\n<div class=\"wp-block-advgb-accordions advgb-accordions-ae62fabc-57bc-4b77-aa67-c80883f05611 advgb-accordion-wrapper\" data-collapsed=\"true\">\n<div class=\"wp-block-advgb-accordion-item advgb-accordion-item\" style=\"margin-bottom:15px\"><div class=\"advgb-accordion-header\" style=\"background-color:#abb8c3;color:#313131;border-style:solid;border-width:0px;border-radius:2px\"><span class=\"advgb-accordion-header-icon\"><svg fill=\"#fff\" xmlns=\"http:\/\/www.w3.org\/2000\/svg\" width=\"24\" height=\"24\" viewBox=\"0 0 24 24\"><path fill=\"none\" d=\"M0,0h24v24H0V0z\"><\/path><path d=\"M13,7h-2v4H7v2h4v4h2v-4h4v-2h-4V7z M12,2C6.48,2,2,6.48,2,12s4.48,10,10,10s10-4.48,10-10S17.52,2,12,2z M12,20 c-4.41,0-8-3.59-8-8s3.59-8,8-8s8,3.59,8,8S16.41,20,12,20z\"><\/path><\/svg><\/span><h4 class=\"advgb-accordion-header-title\" style=\"color:inherit\">Konfliktschlichter*innen<\/h4><\/div><div class=\"advgb-accordion-body\" style=\"background-color:#eeeeee;border-style:solid !important;border-width:0px !important;border-color:undefined !important;border-top:none !important;border-radius:2px !important\">\n<p>Seit dem Jahr 2014 gibt es an unserer Schule das Konfliktlotsenprogramm, die sogenannte Peer-Group-Mediation. In jedem Schuljahr werden Sch\u00fcler*innen ab dem 9. Jahrgang im Rahmen einer mehrt\u00e4gigen Schulung zu Konfliktlotsen ausgebildet. Die Ausbildung beinhaltet im Wesentlichen Elemente von Kommunikationstheorien sowie Strukturen und Strategien eines Mediationsgespr\u00e4chs in Theorie und Praxis. Die Mediator*innen und die als Ansprechpartner*innen t\u00e4tigen Lehrkr\u00e4fte treffen sich dar\u00fcber hinaus in regelm\u00e4\u00dfigen Abst\u00e4nden auch im laufenden Schuljahr, um schwierige F\u00e4lle zu besprechen und die Leitung der Schlichtungsgespr\u00e4che weiter in Rollenspielen zu trainieren und zu optimieren. Sch\u00fcler*innen, die Hilfe bei einem Streit ben\u00f6tigen, k\u00f6nnen sich an die als Konfliktlotsen ausgebildeten Mitsch\u00fcler*innen wenden, die regelm\u00e4\u00dfig im Konfliktlotsenb\u00fcro der Schule im Rahmen von Pausendiensten anzutreffen sind. Ebenso ist es m\u00f6glich, dass Lehrkr\u00e4fte Streitende zu den in Zweier-Teams arbeitenden Lotsen schicken. Das prim\u00e4re Ziel des folgenden Mediationsgespr\u00e4ches ist es, die Streitenden dazu zu bef\u00e4higen, ihren Konflikt selbst\u00e4ndig und konstruktiv einer nachhaltigen und tragf\u00e4higen L\u00f6sung zuzuf\u00fchren, die von beiden Kontrahenten als gerecht empfunden wird.  <\/p>\n\n\n\n<p>Die letztg\u00fcltige Verantwortung f\u00fcr die Kl\u00e4rung von Konflikten obliegt selbstverst\u00e4ndlich den Lehrkr\u00e4ften der Holstenschule. F\u00e4lle des Mobbings werden von den Konfliktlotsen ausdr\u00fccklich nicht bearbeitet. Sollte im Rahmen eines Schlichtungsgespr\u00e4ches eine derartige Fallkonstellation offenkundig werden, informieren die Mediator*innen die das Programm betreuenden Lehrkr\u00e4fte, die die notwendigen Ma\u00dfnahmen einleiten.<\/p>\n\n\n\n<p>In Verzahnung mit der stattfindenden Pr\u00e4ventionsarbeit sowie der Arbeit in den Klassenleiterstunden soll mit diesem Programm folglich die Atmosph\u00e4re der Achtung, Toleranz und des offenen und verantwortungsvollen Miteinanders an unserer Schule gewahrt und weiter ausgebaut werden.<\/p>\n<\/div><\/div>\n<\/div>\n\n\n\n<div class=\"wp-block-advgb-accordions advgb-accordions-f4d854af-197a-4f8e-9a11-65f0e82e042c advgb-accordion-wrapper\" data-collapsed=\"true\">\n<div class=\"wp-block-advgb-accordion-item advgb-accordion-item\" style=\"margin-bottom:15px\"><div class=\"advgb-accordion-header\" style=\"background-color:#abb8c3;color:#313131;border-style:solid;border-width:0px;border-radius:2px\"><span class=\"advgb-accordion-header-icon\"><svg fill=\"#fff\" xmlns=\"http:\/\/www.w3.org\/2000\/svg\" width=\"24\" height=\"24\" viewBox=\"0 0 24 24\"><path fill=\"none\" d=\"M0,0h24v24H0V0z\"><\/path><path d=\"M13,7h-2v4H7v2h4v4h2v-4h4v-2h-4V7z M12,2C6.48,2,2,6.48,2,12s4.48,10,10,10s10-4.48,10-10S17.52,2,12,2z M12,20 c-4.41,0-8-3.59-8-8s3.59-8,8-8s8,3.59,8,8S16.41,20,12,20z\"><\/path><\/svg><\/span><h4 class=\"advgb-accordion-header-title\" style=\"color:inherit\">Suchtpr\u00e4vention<\/h4><\/div><div class=\"advgb-accordion-body\" style=\"background-color:#eeeeee;border-style:solid !important;border-width:0px !important;border-color:undefined !important;border-top:none !important;border-radius:2px !important\">\n<p><strong>Klasse 5 <\/strong><br \/>In dieser Klassenstufe wird der Medienkonsum durch die Klassenlehrkr\u00e4fte thematisiert. Dem Projekttag zu diesem Thema folgen die initiierte Abstinenz <strong>\u201e14-Tage-Offline\u201c<\/strong> f\u00fcr die Sch\u00fcler*innen sowie ein Informationsvortrag f\u00fcr die Eltern.  <\/p>\n\n\n\n<p><strong>Klasse 6<\/strong><br \/>F\u00fcr die Sch\u00fcler*innen des 6. Jahrganges findet ein eindrucksvolles Nichtraucher-Seminar durch Lungen\u00adfach\u00e4rzte des FEKs statt.  <br \/>Dar\u00fcber hinaus nehmen die Klassen 6-8 im Rahmen des Biologieunterrichts an dem europaweiten Nichtraucherwettbewerb <em><strong>Be smart, don&#8217;t start<\/strong><\/em>teil. Neben den beliebten Quizfragen motivieren dabei zahlreiche Preise, von Klassenrucks\u00e4cken bis zu einer Klassenreise ins europ\u00e4ische Ausland.  <\/p>\n\n\n\n<p><strong>Klasse 7<\/strong><br \/>Der durch das ipk (Institut f\u00fcr Pr\u00e4vention und Kommunikation Rendsburg) durchgef\u00fchrte Projekttag im Klassenverband zum Thema <strong>\u201eReize und Risiken\u201c<\/strong> greift Erfahrungen mit allt\u00e4glichen Genussmitteln und einen Einstieg in die Themen Alkohol und Rauchen auf. Auch die Themen Mediennutzung, insbesondere soziale Medien, werden aufgegriffen.<\/p>\n\n\n\n<p><strong>Klasse 9<\/strong><br \/>Neben dem Themenschwerpunkt <strong>\u201eAlkohol und Cannabis\u201c<\/strong> geht es um allgemeine Informationen \u00fcber legale und illegale Suchtmittel.  <\/p>\n\n\n\n<p><strong>Klassenstufe 11<\/strong><br \/>Im 11. Jahrgang findet das Projekt \u201eAlkomedia\u201c zur interaktiven Reflektion des eigenen Umgangs mit den Themen Alkohol bzw. Medien statt.<\/p>\n<\/div><\/div>\n<\/div>\n\n\n\n<p><strong>Sexualp\u00e4dagogik<\/strong><br \/>Unser Konzept beinhaltet sowohl den sexualp\u00e4dagogischen Biologieunterricht im 6., 8. und 10. Jahrgang (z. T. geschlechtergetrennt) als auch je ein halbt\u00e4giges Projekt bei pro Familia zu den Themen <em><strong>\u201eFreundschaft, Liebe, Sexualit\u00e4t\u201c<\/strong><\/em> bzw. <em><strong>\u201eVerh\u00fctung, AIDS-Pr\u00e4vention\u201c<\/strong><\/em> und <em><strong>\u201eVerantwortung f\u00fcr ein Kind \u00fcbernehmen\u201c<\/strong><\/em> in den Klassen 6 und 8.<\/p>\n\n\n\n<p><strong>Weitere Pr\u00e4ventionsma\u00dfnahmen<\/strong><br \/>Diese regelm\u00e4\u00dfig durchgef\u00fchrten Pr\u00e4ventionsma\u00dfnahmen k\u00f6nnen durch Projekte, die auf die Bed\u00fcrfnisse bestimmter Lerngruppen eingehen, von externen Fachkr\u00e4ften erg\u00e4nzt werden.  <\/p>\n\n\n\n<p>Auch\nf\u00fcr Eltern werden Veranstaltungen angeboten, die sich auf die\nInhalte der p\u00e4dagogischen Pr\u00e4vention beziehen.<\/p>\n\n\n\n<p><strong>Verkehrserziehung<\/strong><br \/>Vor allem f\u00fcr die F\u00fcnftkl\u00e4ssler*innen bedeutet die neue Schule auch einen neuen Schulweg, den diese oft mit dem Rad oder zu Fu\u00df zur\u00fccklegen. Um die Sicherheit im Stra\u00dfenverkehr zu erh\u00f6hen, beteiligt sich die Holstenschule am Verkehrswettbewerb der f\u00fcnften Klassen und an Aufkl\u00e4rung \u00fcber das richtige Verhalten im Stra\u00dfenverkehr. Auch f\u00fcr die \u00e4lteren Sch\u00fcler*innen, die schon (bald) einen F\u00fchrerschein besitzen, werden Informationsveranstaltungen angeboten, z. B. zum Thema Alkohol und Handy im Stra\u00dfenverkehr mit Simulationen und in Zusammenarbeit mit der Polizei. Um die Bedeutung des Radfahrens hervorzuheben, beteiligt sich die Holstenschule ferner sehr erfolgreich am <em>\u201eStadtradeln\u201c,<\/em> dem Wettbewerb f\u00fcr Klimaschutz und Fahrradf\u00f6rderung der Stadt Neum\u00fcnster.<\/p>\n\n\n\n<h3 class=\"wp-block-heading\"><strong>Besondere Veranstaltungen<\/strong><\/h3>\n\n\n\n<p><strong>Unser j\u00e4hrliches \u201eFest f\u00fcr Benin\u201c <\/strong> <br \/>Bereits seit 2007 unterst\u00fctzt die Holstenschule ihr <strong>Patenwaisenhaus La Bergerie de Dieu<\/strong> in Benin mit dem allj\u00e4hrlich im November stattfindenden <em><strong>\u201eFest f\u00fcr Benin\u201c.<\/strong><\/em> Dieses Projekt ist mittlerweile zu einem festen Engagement der Holstenschule geworden, das Lehrkr\u00e4ften, Sch\u00fcler*innen und Eltern gleicherma\u00dfen am Herzen liegt. Das Beninfest bietet einen wunderbaren schulinternen Rahmen f\u00fcr fantasievolle Klassenaktionen, k\u00fcnstlerische Pr\u00e4sentationen und einen stimmungsvollen Beginn der Adventszeit.<\/p>\n\n\n\n<p><strong>Kultur und Sport<\/strong><br \/><strong>Veranstaltungen, die \u00fcber das gew\u00f6hnliche Unterrichtsgeschehen hinausgehen<\/strong> und oftmals ganz besondere Talente unserer Sch\u00fcler*innen offenbaren, sind bereichernd und motivierend f\u00fcr Sch\u00fcler*innen und gewinnen durch die Wahrnehmung in der \u00d6ffentlichkeit eine besondere Bedeutung.<\/p>\n\n\n\n<p>Zahlreiche\nk\u00fcnstlerische Sch\u00fcler*innenarbeiten und Pr\u00e4sentationen von\nUnterrichtsprojekten und -ergebnissen finden sich in unseren\nSchulfluren und R\u00e4umen wieder. So sind unsere Sch\u00fcler*innen in die\nGestaltung unserer R\u00e4ume eingebunden und gleichzeitig bieten die\nExponate Besucher*innen Einblicke in das Unterrichtsgeschehen und\nunsere zahlreichen kulturellen und sportlichen Veranstaltungen. \n<\/p>\n\n\n\n<div class=\"wp-block-advgb-accordions advgb-accordions-46158c26-4837-46e3-86dc-f4d37be1ae90 advgb-accordion-wrapper\" data-collapsed=\"true\">\n<div class=\"wp-block-advgb-accordion-item advgb-accordion-item\" style=\"margin-bottom:15px\"><div class=\"advgb-accordion-header\" style=\"background-color:#abb8c3;color:#313131;border-style:solid;border-width:0px;border-radius:2px\"><span class=\"advgb-accordion-header-icon\"><svg fill=\"#fff\" xmlns=\"http:\/\/www.w3.org\/2000\/svg\" width=\"24\" height=\"24\" viewBox=\"0 0 24 24\"><path fill=\"none\" d=\"M0,0h24v24H0V0z\"><\/path><path d=\"M13,7h-2v4H7v2h4v4h2v-4h4v-2h-4V7z M12,2C6.48,2,2,6.48,2,12s4.48,10,10,10s10-4.48,10-10S17.52,2,12,2z M12,20 c-4.41,0-8-3.59-8-8s3.59-8,8-8s8,3.59,8,8S16.41,20,12,20z\"><\/path><\/svg><\/span><h4 class=\"advgb-accordion-header-title\" style=\"color:inherit\">Patenwaisenhaus La Bergerie de Dieu<\/h4><\/div><div class=\"advgb-accordion-body\" style=\"background-color:#7bdcb5;border-style:solid !important;border-width:0px !important;border-color:undefined !important;border-top:none !important;border-radius:2px !important\">\n<p>Das\nWaisenhaus in Benin ist eine private Institution, die etwa 100\nVollwaisen im Alter zwischen 2 und 18 Jahren betreut, die in der\nInstitution wohnen, verpflegt werden und dort zur Schule gehen. Es\nist sowohl Familie als auch F\u00f6rderst\u00e4tte f\u00fcr diese Kinder, die\nsonst keine Chance auf Ausbildung und Beruf h\u00e4tten.<\/p>\n\n\n\n<p>Mit\nHilfe unserer Unterst\u00fctzung konnten vor Ort vier Klassenr\u00e4ume, eine\nBibliothek, ein Computerraum sowie ein Labor gebaut, eingerichtet und\nausgestattet werden. Auch der Bau einer Krankenstation ist nahezu\nvollendet.<\/p>\n\n\n\n<p>Im\nJahr 2012 wurde an der Holstenschule der <strong>Verein\nPatenwaisenhaus F\u00f6rderverein e.V. Benin<\/strong>\ngegr\u00fcndet, der es sich zur Aufgabe gemacht hat, f\u00fcr dieses\nHilfsprojekt zu arbeiten und das <strong>\u201eFest\nf\u00fcr Benin\u201c<\/strong> sowie\nweitere Aktionen zu organisieren. In Zukunft m\u00f6chte der Verein seine\nUnterst\u00fctzung noch st\u00e4rker an der eigentlichen Bildungsf\u00f6rderung\nf\u00fcr die Kinder und Jugendlichen ausrichten. Die inspirierende\nZusammenarbeit mit zwei geb\u00fcrtigen Beninern in Schleswig-Holstein,\nerg\u00e4nzt durch verst\u00e4rkte Kontakte zwischen Sch\u00fcler*innen aus Benin\nund Neum\u00fcnster und m\u00f6gliche gegenseitige Besuche, macht die\nRichtung deutlich, in die das Projekt in Zukunft entwickelt werden\nsoll: hin zu einer echten Kooperation und gegenseitigen Partnerschaft\nmit einem Reichtum an Lernanl\u00e4ssen auf beiden Seiten und getragen\nvon gegenseitiger Neugier und Wertsch\u00e4tzung, ganz im Sinne einer\nBildung f\u00fcr nachhaltige Entwicklung.<\/p>\n<\/div><\/div>\n<\/div>\n\n\n\n<div class=\"wp-block-advgb-accordions advgb-accordions-200c7874-deec-4fb3-9043-25a4194f1e14 advgb-accordion-wrapper\" data-collapsed=\"true\">\n<div class=\"wp-block-advgb-accordion-item advgb-accordion-item\" style=\"margin-bottom:15px\"><div class=\"advgb-accordion-header\" style=\"background-color:#abb8c3;color:#313131;border-style:solid;border-width:0px;border-radius:2px\"><span class=\"advgb-accordion-header-icon\"><svg fill=\"#fff\" xmlns=\"http:\/\/www.w3.org\/2000\/svg\" width=\"24\" height=\"24\" viewBox=\"0 0 24 24\"><path fill=\"none\" d=\"M0,0h24v24H0V0z\"><\/path><path d=\"M13,7h-2v4H7v2h4v4h2v-4h4v-2h-4V7z M12,2C6.48,2,2,6.48,2,12s4.48,10,10,10s10-4.48,10-10S17.52,2,12,2z M12,20 c-4.41,0-8-3.59-8-8s3.59-8,8-8s8,3.59,8,8S16.41,20,12,20z\"><\/path><\/svg><\/span><h4 class=\"advgb-accordion-header-title\" style=\"color:inherit\">Besondere Veranstaltungen<\/h4><\/div><div class=\"advgb-accordion-body\" style=\"background-color:#7bdcb5;border-style:solid !important;border-width:0px !important;border-color:undefined !important;border-top:none !important;border-radius:2px !important\">\n<p>&#8211; der Kunstpreis der Holstenschule<br \/>&#8211; \u201eEurop\u00e4ischer Wettbewerb\u201c (oft mit Bundes- und Europasiegern) <br \/>&#8211; die regelm\u00e4\u00dfige Teilnahme am Schultheater-Festival und schuleigene Theaterabende<br \/>&#8211; unsere traditionelle Weihnachtsfeier <br \/>&#8211; der Kowsky-Lauf und der Helgolandlauf <br \/>&#8211; Handball- und Fu\u00dfballmeisterschaften <br \/>&#8211; Jugend trainiert f\u00fcr Olympia <br \/>&#8211; International Junior Science Olympiade <br \/>&#8211; Teilnahme an Filmfestivals und Kunstwettbewerben <br \/>&#8211; Vorlese- und \u00dcbersetzungswettbewerbe <br \/>&#8211; Mathematik-, Chemie- und Biologieolympiaden <\/p>\n<\/div><\/div>\n<\/div>\n\n\n\n<h3 class=\"wp-block-heading\"><strong>Einblicke in unseren Schulalltag<\/strong><\/h3>\n\n\n\n<p>Auf vielf\u00e4ltige Art und Weise gew\u00e4hren wir <strong>Einblicke in unseren Schulalltag<\/strong>.<\/p>\n\n\n\n<p><strong>Weitere Programme und Aktionen<\/strong><br \/>Durch die von der Holstenschule angebotenen Enrichmentkurse und einzelnen AGs, die auch von Viertkl\u00e4ssler*innen besucht werden k\u00f6nnen, erm\u00f6glicht die Holstenschule einen sanften \u00dcbergang von der Grundschule zu unserer Schule und gew\u00e4hrt erste Einblicke in unser Schulleben.<\/p>\n\n\n\n<div class=\"wp-block-advgb-accordions advgb-accordions-2d06ef73-eac4-4cd8-a0d7-867862548151 advgb-accordion-wrapper\" data-collapsed=\"true\">\n<div class=\"wp-block-advgb-accordion-item advgb-accordion-item\" style=\"margin-bottom:15px\"><div class=\"advgb-accordion-header\" style=\"background-color:#abb8c3;color:#313131;border-style:solid;border-width:0px;border-radius:2px\"><span class=\"advgb-accordion-header-icon\"><svg fill=\"#fff\" xmlns=\"http:\/\/www.w3.org\/2000\/svg\" width=\"24\" height=\"24\" viewBox=\"0 0 24 24\"><path fill=\"none\" d=\"M0,0h24v24H0V0z\"><\/path><path d=\"M13,7h-2v4H7v2h4v4h2v-4h4v-2h-4V7z M12,2C6.48,2,2,6.48,2,12s4.48,10,10,10s10-4.48,10-10S17.52,2,12,2z M12,20 c-4.41,0-8-3.59-8-8s3.59-8,8-8s8,3.59,8,8S16.41,20,12,20z\"><\/path><\/svg><\/span><h4 class=\"advgb-accordion-header-title\" style=\"color:inherit\">Einblicke in unseren Schulalltag<\/h4><\/div><div class=\"advgb-accordion-body\" style=\"background-color:#7bdcb5;border-style:solid !important;border-width:0px !important;border-color:undefined !important;border-top:none !important;border-radius:2px !important\">\n<p>An unseren beiden Infotagen Mitte Februar wirken zahlreiche Holstensch\u00fcler*innen, Elternvertreter*innen und Lehrkr\u00e4fte im Team mit. Gemeinsam geben sie den Grundschulkindern und deren Eltern an verschiedenen Lernstationen einen lebendigen Eindruck unserer Schule.<\/p>\n\n\n\n<p>Unter dem Motto <strong>\u201eDie Holstenschule l\u00e4dt ein zum Unterricht bei ge\u00f6ffneten T\u00fcren!\u201c <\/strong>begr\u00fc\u00dfen wir jeden Herbst die Grundschulkinder und -eltern der 4. Klassen<strong>.<\/strong> Damit kommen wir zum einen der steten Nachfrage nach Hospitationsm\u00f6glichkeiten f\u00fcr die Grundschulkinder entgegen, zum anderen aber auch der Tatsache, dass die Entscheidungen \u00fcber die weiterf\u00fchrende Schule immer fr\u00fcher fallen und deshalb von Elternseite auch ein Bed\u00fcrfnis nach einem fr\u00fcheren Kontakt zu den weiterf\u00fchrenden Schulen besteht.<\/p>\n\n\n\n<p>Im\nUnterschied zu den Infotagen wird an diesem besonderen Samstag der\nnormale Stundenplan eines Montags in Anwesenheit aller Klassen\ndurchgef\u00fchrt, sodass die Besucher die M\u00f6glichkeit bekommen,\n\u201eechten\u201c Unterricht an der Holstenschule zu erleben und nach\nWunsch verschiedene Klassenstufen und F\u00e4cher aufzusuchen. Nicht\nzuletzt besteht an diesem Tag auch f\u00fcr die Holstenschul-Eltern die\nM\u00f6glichkeit, Unterricht z. B. in h\u00f6heren Klassenstufen (als die des\neigenen Kindes) zu besuchen und Holstenschul-Lehrkr\u00e4fte \u201ein\nAktion\u201c zu erleben.<\/p>\n<\/div><\/div>\n<\/div>\n\n\n\n<p><\/p>\n","protected":false},"excerpt":{"rendered":"<p>Liebe Freunde der Holstenschule, nach nun eineinhalb Jahren, gef\u00fcllt von intensiven und zahlreichen Sitzungen der Steuergruppe, bestehend aus Sch\u00fcler*innen, Eltern und Lehrer*innen, ist die neue Fassung des Schulprogramms unserer Holstenschule in einer ver\u00f6ffentlichungsreifen Form. Ich spreche bewusst nicht von einer \u201efertigen Form\u201c, da es sich durch das Wirken und Leben im schulischen Alltag bew\u00e4hren soll [&hellip;]<\/p>\n","protected":false},"author":1,"featured_media":0,"parent":0,"menu_order":0,"comment_status":"open","ping_status":"open","template":"page_konzepte.php","meta":{"_uag_custom_page_level_css":"","advgb_blocks_editor_width":"","advgb_blocks_columns_visual_guide":"","footnotes":""},"class_list":["post-878","page","type-page","status-publish","hentry"],"uagb_featured_image_src":{"full":false,"thumbnail":false,"medium":false,"medium_large":false,"large":false,"1536x1536":false,"2048x2048":false},"uagb_author_info":{"display_name":"","author_link":"https:\/\/www.holstenschule.de\/info\/author\/"},"uagb_comment_info":0,"uagb_excerpt":"Liebe Freunde der Holstenschule, nach nun eineinhalb Jahren, gef\u00fcllt von intensiven und zahlreichen Sitzungen der Steuergruppe, bestehend aus Sch\u00fcler*innen, Eltern und Lehrer*innen, ist die neue Fassung des Schulprogramms unserer Holstenschule in einer ver\u00f6ffentlichungsreifen Form. Ich spreche bewusst nicht von einer \u201efertigen Form\u201c, da es sich durch das Wirken und Leben im schulischen Alltag bew\u00e4hren soll&hellip;","coauthors":[],"author_meta":{"author_link":"https:\/\/www.holstenschule.de\/info\/author\/","display_name":""},"relative_dates":{"created":"Posted 12\u00a0Jahren ago","modified":"Updated 8\u00a0Monaten ago"},"absolute_dates":{"created":"Posted on 18. Dezember 2013","modified":"Updated on 18. September 2025"},"absolute_dates_time":{"created":"Posted on 18. Dezember 2013 19:53","modified":"Updated on 18. September 2025 20:15"},"featured_img_caption":"","featured_img":false,"series_order":"","_links":{"self":[{"href":"https:\/\/www.holstenschule.de\/info\/wp-json\/wp\/v2\/pages\/878","targetHints":{"allow":["GET"]}}],"collection":[{"href":"https:\/\/www.holstenschule.de\/info\/wp-json\/wp\/v2\/pages"}],"about":[{"href":"https:\/\/www.holstenschule.de\/info\/wp-json\/wp\/v2\/types\/page"}],"author":[{"embeddable":true,"href":"https:\/\/www.holstenschule.de\/info\/wp-json\/wp\/v2\/users\/1"}],"replies":[{"embeddable":true,"href":"https:\/\/www.holstenschule.de\/info\/wp-json\/wp\/v2\/comments?post=878"}],"version-history":[{"count":10,"href":"https:\/\/www.holstenschule.de\/info\/wp-json\/wp\/v2\/pages\/878\/revisions"}],"predecessor-version":[{"id":23028,"href":"https:\/\/www.holstenschule.de\/info\/wp-json\/wp\/v2\/pages\/878\/revisions\/23028"}],"wp:attachment":[{"href":"https:\/\/www.holstenschule.de\/info\/wp-json\/wp\/v2\/media?parent=878"}],"curies":[{"name":"wp","href":"https:\/\/api.w.org\/{rel}","templated":true}]}}