{"id":718,"date":"2013-12-16T20:16:43","date_gmt":"2013-12-16T19:16:43","guid":{"rendered":"http:\/\/www.holstenschule.de\/info\/?page_id=718"},"modified":"2026-02-01T12:21:19","modified_gmt":"2026-02-01T11:21:19","slug":"berufsorientierung","status":"publish","type":"page","link":"https:\/\/www.holstenschule.de\/info\/berufsorientierung\/","title":{"rendered":"Berufsorientierung in der Oberstufe"},"content":{"rendered":"\n<div class=\"wp-block-media-text alignwide has-media-on-the-right is-stacked-on-mobile\" style=\"grid-template-columns:auto 26%\"><div class=\"wp-block-media-text__content\">\n<p>Die Angebote der Berufsorientierung an der Holstenschule begleiten die Sch\u00fcler*innen im Laufe der Oberstufe und sollen f\u00fcr die Zukunft nach dem Abitur oder der Fachhochschulreife eine Vorbereitung und Hilfestellung bieten. In der jetzigen E-Phase wird im Januar in Kooperation mit der Referentin Frau Ruschkowski ( \u201aVocatium\u2018, ehemals \u201aNordjob\u2018) in einer Doppelstunde kompetente und professionelle Orientierung f\u00fcr Bewerbung und Assessmentcenter angeboten und durchgef\u00fchrt, auch um eine Bewerbung f\u00fcr das Wirtschaftspraktikum vorzubereiten (meistens kurz nach den Herbstferien f\u00fcr den Q1-Jahrgang).<\/p>\n<\/div><figure class=\"wp-block-media-text__media\"><img loading=\"lazy\" decoding=\"async\" width=\"232\" height=\"173\" src=\"https:\/\/www.holstenschule.de\/info\/wp-content\/uploads\/2019\/11\/abitur.png\" alt=\"\" class=\"wp-image-15928 size-full\"\/><\/figure><\/div>\n\n\n\n<p>Im Q1-Jahrgang stellen wir allen Sch\u00fcler*innen mit Frau Dose von der Agentur f\u00fcr Arbeit durch eine \u201aIndividuelle Berufsberatung\u2018 eine zuverl\u00e4ssige und kompetente Beraterin f\u00fcr die restlichen knapp 2 Jahre zur Seite.<\/p>\n\n\n\n<p>Je nach Bedarf k\u00f6nnen von diesem Zeitpunkt an, regelm\u00e4\u00dfige Termine vereinbart werden, die alle in unserem Beratungszimmer (ehemalige Hausmeisterwohnung) unkompliziert stattfinden k\u00f6nnen.<\/p>\n\n\n\n<p>Parallel finden im Q1-Jahrgang \u201aAllgemeine Berufsberatungen\u2018 (i. d. R. 45 Min.), -ebenfalls durchgef\u00fchrt durch Frau Dose &#8211; im Klassenverband statt. Ab dem Q1-Jahrgang werden Berufsfindungsmessen, wie die \u201aVocatium\u2018 gemeinsam besucht bzw. der Besuch vorbereitet sowie Studieninformationstage in den Unterrichtsalltag integriert sowie f\u00fcr studieninteressierte Sch\u00fclerinnen ein sog. Studienfeldbezogener Beratungstest angeboten, der weitere Sicherheit bei der Studienwahl geben soll.<\/p>\n\n\n\n<p>Aktuelle Ausbildungsangebote sind analog im Aufenthaltsraum der Sch\u00fclerinnen (OZ), auf Plakaten im Oberstufenzentrum, auf dem Flyer-Aufsteller im OZ sowie langfristig digital auf dieser Seite abrufbar.<\/p>\n\n\n\n<p>Im Q2-Jahrgang bietet neben den aus Q1 fortgef\u00fchrten Angeboten ein Vortrag zum FSJ Hinweise und Ratschl\u00e4ge bez\u00fcglich Bewerbung etc. f\u00fcr Abiturient*innen, die zun\u00e4chst ein Jahr im In- oder Ausland verbringen m\u00f6chten.<\/p>\n\n\n\n<p>Das 2018 erstmalig stattgefundene und f\u00fcr den Sommer 2020 wieder projektierte \u201aBerufsb\u00fcffet\u2018 , das v. a. von ehemaligen Sch\u00fclerinnen sowie Eltern bestritten wurde\/wird, soll f\u00fcr den E- und Q1- Jahrgang m\u00f6gliche Studieng\u00e4nge und v. a. akademische Berufe greifbarer machen und hier konkrete Ansprechpartner*innen f\u00fcr Fragen anbieten.<\/p>\n\n\n\n<div class=\"wp-block-advgb-accordions advgb-accordions-293dcdcf-e642-4518-97c1-e23382169339 advgb-accordion-wrapper\" data-collapsed=\"true\">\n<div class=\"wp-block-advgb-accordion-item advgb-accordion-item\" style=\"margin-bottom: 15px;\">\r\n<div class=\"advgb-accordion-header\" style=\"background-color: #abb8c3; color: #000000; border-style: solid; border-width: 0px; border-radius: 2px;\">\r\n<h4 class=\"advgb-accordion-header-title\" style=\"color: inherit;\">Wirtschaftspraktikum in Spanien<\/h4>\r\n<\/div>\r\n<div class=\"advgb-accordion-body\" style=\"border-style: solid !important; border-width: 0px !important; border-color: undefined !important; border-top: none !important; border-radius: 2px !important;\">\n\n<p class=\"has-normal-font-size\">Die Berufsorientierung der Holstenschule beinhaltet im 11. Jahrgang (Q1) ein Wirtschaftspraktikum, nach dessen erfolgreichem Ablauf die Sch\u00fcler*innen einen Praktikumsbericht verfassen, der als Alternative Lernleistung die Klausur des Halbjahres im Fach Wirtschaft\/Politik ersetzt. Dank der Zusammenarbeit der F\u00e4cher WiPo, vertreten durch Herrn Kretschmann, und Spanisch, vertreten durch Frau Dunkelgod als Beauftragte f\u00fcr den Bilbao-Austausch, haben einige Holstensch\u00fcler*innen die M\u00f6glichkeit, ihr Wirtschaftspraktikum im Norden Spaniens in der baskischen Stadt Bilbao zu absolvieren. Dies erm\u00f6glicht ihnen nicht nur die Vertiefung ihrer spanischen Sprachkenntnisse, sondern liefert ihnen Einblicke in die spanische Wirtschaft und Kultur.<\/p>\n\n\r\n\r\n\n<p>Das Praktikum, das meist direkt im Anschluss an die Herbstferien stattfindet, umfasst eine zweiw\u00f6chige T\u00e4tigkeit in einem spanischen Unternehmen und ein Alltagsleben in &#8222;ihrer&#8220; spanischen Familie, einschlie\u00dflich eines freien Wochenendes mit der Gelegenheit, in gemeinsamen Unternehmungen die Region n\u00e4her zu erkunden. Im Gegenzug sind die deutschen Sch\u00fcler*innen daf\u00fcr verantwortlich, f\u00fcr ihre spanischen Partner*innen einen Praktikumsplatz in Neum\u00fcnster oder Umgebung zu organisieren, damit diese bei ihrem Gegenbesuch im Mai\/Juni ein zweiw\u00f6chiges Praktikum in einem deutschen Betrieb durchf\u00fchren k\u00f6nnen. Denn dies stellt einen obligatorischen Teil der schulischen Ausbildung der Sch\u00fcler*innen der Deutschen Schule Bilbao dar.<\/p>\n\n\r\n\r\n\n<figure class=\"wp-block-gallery has-nested-images columns-default is-cropped wp-block-gallery-1 is-layout-flex wp-block-gallery-is-layout-flex\">\n\n<figure class=\"wp-block-image size-large\"><img loading=\"lazy\" decoding=\"async\" width=\"871\" height=\"653\" data-id=\"18779\" class=\"wp-image-18779\" src=\"https:\/\/www.holstenschule.de\/info\/wp-content\/uploads\/2022\/01\/WiPraBilbaoGegenbesuchNMS.jpg\" alt=\"\" srcset=\"https:\/\/www.holstenschule.de\/info\/wp-content\/uploads\/2022\/01\/WiPraBilbaoGegenbesuchNMS.jpg 871w, https:\/\/www.holstenschule.de\/info\/wp-content\/uploads\/2022\/01\/WiPraBilbaoGegenbesuchNMS-400x300.jpg 400w, https:\/\/www.holstenschule.de\/info\/wp-content\/uploads\/2022\/01\/WiPraBilbaoGegenbesuchNMS-768x576.jpg 768w\" sizes=\"auto, (max-width: 871px) 100vw, 871px\" \/>\r\n<figcaption class=\"wp-element-caption\">Gegenbesuch der Sch\u00fcler*innen aus Bilbao in Neum\u00fcnster<\/figcaption>\r\n<\/figure>\n\n<\/figure>\n\n\r\n\r\n\n<p>Im Anschluss an ihr Praktikum erhalten die Sch\u00fcler*innen den Europass Mobilit\u00e4t, ein vom Bundesinstitut f\u00fcr Berufsbildung im Auftrag der EU ausgestellter Nachweis, dass sie einen Teil ihrer schulischen bzw. berufsvorbereitenden Ausbildung im europ\u00e4ischen Ausland absolviert haben. Dieses Dokument wird in ganz Europa anerkannt und gesch\u00e4tzt.<\/p>\n\n<\/div>\r\n<\/div>\n<\/div>\n\n\n\n<div class=\"wp-block-advgb-accordions advgb-accordions-bf4adf05-45d9-44fb-85fe-17f18fa87f8a advgb-accordion-wrapper\" data-collapsed=\"true\">\n<div class=\"wp-block-advgb-accordion-item advgb-accordion-item\" style=\"margin-bottom:15px\"><div class=\"advgb-accordion-header\" style=\"background-color:#abb8c3;color:#000000;border-style:solid;border-width:0px;border-radius:2px\"><span class=\"advgb-accordion-header-icon\"><svg fill=\"#fff\" xmlns=\"http:\/\/www.w3.org\/2000\/svg\" width=\"24\" height=\"24\" viewBox=\"0 0 24 24\"><path fill=\"none\" d=\"M0,0h24v24H0V0z\"><\/path><path d=\"M12,2C6.48,2,2,6.48,2,12s4.48,10,10,10s10-4.48,10-10S17.52,2,12,2z M17,13h-4v4h-2v-4H7v-2h4V7h2v4h4V13z\"><\/path><\/svg><\/span><h4 class=\"advgb-accordion-header-title\" style=\"color:inherit\">Termine im Schuljahr 2025\/2026<\/h4><\/div><div class=\"advgb-accordion-body\" style=\"border-style:solid !important;border-width:0px !important;border-color:undefined !important;border-top:none !important;border-radius:2px !important\">\n<h4 class=\"wp-block-heading has-text-align-center\">Studieninformationstage<\/h4>\n\n\n\n\n\n<table class=\"wp-block-advgb-table advgb-table-frontend is-style-stripes\" style=\"table-layout:fixed\"><tbody><tr><td style=\"background-color: #abb8c3; width: 65.9007%;\">CAU, Kiel<br \/><strong><a href=\"https:\/\/www.studium.uni-kiel.de\/de\/studienentscheidung\/studien-info-tage\" target=\"_blank\" rel=\"noreferrer noopener\" aria-label=\"Link zu CAU (\u00f6ffnet in neuem Tab)\">Link zu CAU<\/a><\/strong><\/td><td style=\"background-color: #abb8c3; width: 70.4048%;\">10.3. &#8211; 12.3.2026<\/td><\/tr><tr><td style=\"background-color: #eeeeee; width: 65.9007%;\">Leuphana Universit\u00e4t L\u00fcneburg<br \/><strong><a href=\"https:\/\/www.leuphana.de\/college\/studienberatung\/studieninteressierte\/bachelor-infotag.html\" target=\"_blank\" rel=\"noreferrer noopener\" aria-label=\"Link zur Uni L\u00fcneburg (\u00f6ffnet in neuem Tab)\">Link zur Uni L\u00fcneburg<\/a><\/strong><\/td><td style=\"background-color: #eeeeee; width: 70.4048%;\">29. Mai 2026<br \/><\/td><\/tr><tr><td style=\"color: #313131; background-color: #abb8c3; width: 65.9007%;\">TUHH, Technische Universit\u00e4t Hamburg <br \/><strong><a href=\"https:\/\/www.tuhh.de\/tuhh\/studium\/im-studium\/zentrale-studienberatung\/studieninteressierte\" target=\"_blank\" rel=\"noreferrer noopener\" aria-label=\"Link zur TUHH (\u00f6ffnet in neuem Tab)\">Link zur TUHH<\/a><\/strong><\/td><td style=\"color: #313131; background-color: #abb8c3; width: 70.4048%;\">im Juni 2026<\/td><\/tr><tr><td style=\"color: #313131; background-color: #eeeeee; width: 65.9007%;\">FH Westk\u00fcste<br \/><strong><a href=\"https:\/\/www.fh-westkueste.de\" target=\"_blank\" rel=\"noreferrer noopener\">Link zur FH Westk\u00fcste<\/a><\/strong><\/td><td style=\"color: #313131; background-color: #eeeeee; width: 70.4048%;\">verschiedene Infoveranstaltungen<\/td><\/tr><tr><td style=\"color: #313131; background-color: #abb8c3; width: 65.9007%;\">Universit\u00e4t Rostock<br \/><strong><a href=\"https:\/\/www.uni-rostock.de\/studium\/studienorientierung\/hochschulinformationstag\/\" target=\"_blank\" rel=\"noreferrer noopener\" aria-label=\" (opens in a new tab)\">Link zur Uni Rostock<\/a><\/strong><\/td><td style=\"color: #313131; background-color: #abb8c3; width: 70.4048%;\">5. Juni 2026<\/td><\/tr><tr><td style=\"color: #313131; background-color: #eeeeee; width: 65.9007%;\">Universit\u00e4t L\u00fcbeck<br \/><strong><a href=\"https:\/\/www.uni-luebeck.de\/studium\/kennenlernen\/schnuppertage.html\" target=\"_blank\" rel=\"noreferrer noopener\" aria-label=\" (opens in a new tab)\">Link zur Uni L\u00fcbeck<\/a><\/strong><\/td><td style=\"color: #313131; background-color: #eeeeee; width: 70.4048%;\">29. Mai 2026<\/td><\/tr><tr><td style=\"color: #313131; background-color: #abb8c3; width: 65.9007%;\">Universit\u00e4t Hamburg<br \/><strong><a href=\"https:\/\/www.uni-hamburg.de\/\" target=\"_blank\" rel=\"noreferrer noopener\">Link zur Uni Hamburg<\/a><\/strong><\/td><td style=\"color: #313131; background-color: #abb8c3; width: 70.4048%;\">24. Februar 2026<\/td><\/tr><\/tbody><\/table>\n\n\n\n<h4 class=\"wp-block-heading has-text-align-center\">Schnupperstudium<\/h4>\n\n\n\n\n\n<table class=\"wp-block-advgb-table advgb-table-frontend is-style-stripes\" style=\"table-layout:fixed\"><tbody><tr><td style=\"background-color: #abb8c3; color: #313131;\">FH Westk\u00fcste<br \/><strong><a href=\"https:\/\/willkommen.fh-westkueste.de\/de\/infoveranstaltungen\" target=\"_blank\" rel=\"noreferrer noopener\" aria-label=\" (\u00f6ffnet in neuem Tab)\">Link zu FH Westk\u00fcste<\/a><\/strong><\/td><td style=\"background-color: #abb8c3;\">verschiedene Veranstaltungen<\/td><\/tr><tr><td style=\"background-color: #eeeeee; color: #313131;\">HAW Hamburg<br \/><strong><a href=\"https:\/\/www.haw-hamburg.de\/hochschultage\/\" target=\"_blank\" rel=\"noreferrer noopener\">Link zur HAW Hamburg<\/a><\/strong><\/td><td style=\"background-color: #eeeeee;\">18. Februar 2026<\/td><\/tr><\/tbody><\/table>\n\n\n\n<h4 class=\"wp-block-heading has-text-align-center\">Bildungsmessen<\/h4>\n\n\n\n\n\n<table class=\"wp-block-advgb-table advgb-table-frontend is-style-stripes\" style=\"table-layout:fixed\"><tbody><tr><td style=\"background-color: #abb8c3;\">Karriere-dual, Hamburg<br \/><strong><a href=\"https:\/\/www.arbeitsagentur.de\/vor-ort\/hamburg\/karriere-dual\" target=\"_blank\" rel=\"noreferrer noopener\" aria-label=\" (\u00f6ffnet in neuem Tab)\">Link zu Karriere-dual<\/a><\/strong><\/td><td style=\"background-color: #abb8c3;\">21. M\u00e4rz 2026<\/td><\/tr><tr><td style=\"background-color: #eeeeee;\">Studieren im Norden, Hamburg<br \/><strong><a href=\"https:\/\/www.arbeitsagentur.de\/vor-ort\/hamburg\/Studieren-im-Norden\" target=\"_blank\" rel=\"noreferrer noopener\" aria-label=\"Link zu Studieren im Norden (\u00f6ffnet in neuem Tab)\">Link zu Studieren im Norden<\/a><\/strong><\/td><td style=\"background-color: #eeeeee;\">zur Zeit keine Informationen vorhanden<\/td><\/tr><tr><td style=\"background-color: #abb8c3;\">Vocatium, Neum\u00fcnster (online)<br \/><strong><a href=\"https:\/\/www.messeninfo.de\/vocatium-M4978\/Neumuenster.html\" target=\"_blank\" rel=\"noreferrer noopener\" aria-label=\"Link zur Vocatium (\u00f6ffnet in neuem Tab)\">Link zur Vocatium<\/a><\/strong><\/td><td style=\"background-color: #abb8c3;\">20. und 21. Mai 2026<\/td><\/tr><tr><td style=\"background-color: #eeeeee;\">Traumberuf MINT-Messe Hamburg<br \/><strong><a href=\"https:\/\/traumberuf-messe.de\/hamburg\" target=\"_blank\" rel=\"noreferrer noopener\" aria-label=\"Link zur Traumberuf IT&amp;Technik (\u00f6ffnet in neuem Tab)\">Link zur Traumberuf IT&amp;Technik<\/a><\/strong><\/td><td style=\"background-color: #eeeeee;\">12. November 2026 9 bis 15 Uhr,<br \/>Hamburg Sporthalle, kostenlos<\/td><\/tr><tr><td style=\"background-color: #abb8c3;\">Stuzubi<br \/>(\u00fcber Internet kostenlose Tickets ausdrucken notwendig) <br \/><strong><a href=\"https:\/\/stuzubi.de\/messen\/hamburg\/\" target=\"_blank\" rel=\"noreferrer noopener\" aria-label=\" (\u00f6ffnet in neuem Tab)\">Link zu Stuzubi<\/a><\/strong><\/td><td style=\"background-color: #abb8c3;\">28. M\u00e4rz. 2026, 10:00 \u2013 16:00 Uhr Sporthalle Hamburg<br \/><\/td><\/tr><\/tbody><\/table>\n\n\n\n<h4 class=\"wp-block-heading has-text-align-center\">Messen f\u00fcr Auslandsaufenthalte<\/h4>\n\n\n\n\n\n\n\n<table class=\"wp-block-advgb-table advgb-table-frontend is-style-stripes\" style=\"table-layout:fixed\"><tbody><tr><td style=\"background-color: #abb8c3; width: 77.4518%;\">Auf in die Welt, Kiel, Hebbelschule <br \/><strong><a href=\"http:\/\/www.berufsinfotag-sport.de\/\" target=\"_blank\" rel=\"noreferrer noopener\" aria-label=\" (\u00f6ffnet in neuem Tab)\">Link zu Auf in die Welt<\/a><\/strong><\/td><td style=\"background-color: #abb8c3; width: 76.9189%;\">kein Termin bekannt<\/td><\/tr><tr><td style=\"background-color: #eeeeee; width: 77.4518%;\">JuBi &#8211; Die Jugendbildungsmesse<br \/><a href=\"https:\/\/weltweiser.de\/jugendbildungsmessen\/\" target=\"_blank\" rel=\"noreferrer noopener\"><strong>Link zu JuBi<\/strong><\/a><\/td><td style=\"background-color: #eeeeee; width: 76.9189%;\">kein Termin bekannt<\/td><\/tr><\/tbody><\/table>\n<\/div><\/div>\n<\/div>\n\n\n\n<div class=\"wp-block-advgb-accordions advgb-accordions-50f3e48c-b0eb-45c0-8f38-56309e14f451 advgb-accordion-wrapper\" data-collapsed=\"true\">\n<div class=\"wp-block-advgb-accordion-item advgb-accordion-item\" style=\"margin-bottom: 15px;\">\r\n<div class=\"advgb-accordion-header\" style=\"background-color: #abb8c3; color: #000000; border-style: solid; border-width: 0px; border-radius: 2px;\">\r\n<h4 class=\"advgb-accordion-header-title\" style=\"color: inherit;\">Links zu Fachhochschulen und Hochschulen in Norddeutschland<\/h4>\r\n<\/div>\r\n<div class=\"advgb-accordion-body\" style=\"border-style: solid !important; border-width: 0px !important; border-color: undefined !important; border-top: none !important; border-radius: 2px !important;\">\n\n<h4 class=\"wp-block-heading\">\u00a0<\/h4>\n\n\r\n\r\n\n<table class=\"wp-block-advgb-table advgb-table-frontend is-style-stripes\">\r\n<tbody>\r\n<tr>\r\n<td><strong>Fachhochschulen<\/strong><\/td>\r\n<td><strong>Universit\u00e4ten<\/strong><\/td>\r\n<\/tr>\r\n<tr>\r\n<td><a href=\"https:\/\/www.fh-westkueste.de\/home\/\" target=\"_blank\" rel=\"noreferrer noopener\"><strong>Fachhochschule Heide<\/strong><\/a><\/td>\r\n<td><strong><a href=\"https:\/\/www.uni-kiel.de\/de\/\" target=\"_blank\" rel=\"noreferrer noopener\" aria-label=\"CAU, Kiel (\u00f6ffnet in neuem Tab)\">CAU, Kiel<\/a><\/strong><\/td>\r\n<\/tr>\r\n<tr>\r\n<td><strong><a href=\"https:\/\/hs-flensburg.de\/\" target=\"_blank\" rel=\"noreferrer noopener\" aria-label=\"Hochschule Flensburg (\u00f6ffnet in neuem Tab)\">Hochschule Flensburg<\/a><\/strong><\/td>\r\n<td><strong><a href=\"https:\/\/www.uni-flensburg.de\/\" target=\"_blank\" rel=\"noreferrer noopener\">Europa-Universit\u00e4t Flensburg<\/a><\/strong><\/td>\r\n<\/tr>\r\n<tr>\r\n<td><strong><a href=\"https:\/\/www.fh-kiel.de\/index.php?id=13#\" target=\"_blank\" rel=\"noreferrer noopener\" aria-label=\"Fachhochschule Kiel (\u00f6ffnet in neuem Tab)\">Fachhochschule Kiel<\/a><\/strong><\/td>\r\n<td><strong><a href=\"https:\/\/www.uni-hamburg.de\/\" target=\"_blank\" rel=\"noreferrer noopener\" aria-label=\"Universit\u00e4t Hamburg (\u00f6ffnet in neuem Tab)\">Universit\u00e4t Hamburg<\/a><\/strong><\/td>\r\n<\/tr>\r\n<tr>\r\n<td><strong><a href=\"https:\/\/www.th-luebeck.de\/\" target=\"_blank\" rel=\"noreferrer noopener\" aria-label=\"Technische Hochschule L\u00fcbeck (\u00f6ffnet in neuem Tab)\">Technische Hochschule L\u00fcbeck<\/a><\/strong><\/td>\r\n<td><strong><a href=\"https:\/\/www.uni-luebeck.de\/universitaet\/universitaet.htm\" target=\"_blank\" rel=\"noreferrer noopener\" aria-label=\"Universit\u00e4t L\u00fcbeck (\u00f6ffnet in neuem Tab)\">Universit\u00e4t L\u00fcbeck<\/a><\/strong><\/td>\r\n<\/tr>\r\n<tr>\r\n<td><strong><a href=\"https:\/\/www.nordakademie.de\/\" target=\"_blank\" rel=\"noreferrer noopener\" aria-label=\"Nordakademie (\u00f6ffnet in neuem Tab)\">Nordakademie<\/a><\/strong><\/td>\r\n<td><strong><a href=\"https:\/\/www.tuhh.de\/tuhh\/ startseite.html\" target=\"_blank\" rel=\"noreferrer noopener\" aria-label=\"TUHH, Harburg (\u00f6ffnet in neuem Tab)\">TUHH, Harburg<\/a><\/strong><\/td>\r\n<\/tr>\r\n<tr>\r\n<td><strong><a href=\"https:\/\/www.haw-hamburg.de\/startseite.html\" target=\"_blank\" rel=\"noreferrer noopener\" aria-label=\" (\u00f6ffnet in neuem Tab)\">Hochschule f\u00fcr Angew. Wissenschaften Hamburg<\/a><\/strong><\/td>\r\n<td>\u00a0<\/td>\r\n<\/tr>\r\n<\/tbody>\r\n<\/table>\n\n<\/div>\r\n<\/div>\n<\/div>\n\n\n\n<div class=\"wp-block-advgb-accordions advgb-accordions-b0af1fd0-0bea-46cc-bf96-f411641a8618 advgb-accordion-wrapper\" data-collapsed=\"true\">\n<div class=\"wp-block-advgb-accordion-item advgb-accordion-item\" style=\"margin-bottom:15px\"><div class=\"advgb-accordion-header\" style=\"background-color:#abb8c3;color:#000000;border-style:solid;border-width:0px;border-radius:2px\"><span class=\"advgb-accordion-header-icon\"><svg fill=\"#fff\" xmlns=\"http:\/\/www.w3.org\/2000\/svg\" width=\"24\" height=\"24\" viewBox=\"0 0 24 24\"><path fill=\"none\" d=\"M0,0h24v24H0V0z\"><\/path><path d=\"M12,2C6.48,2,2,6.48,2,12s4.48,10,10,10s10-4.48,10-10S17.52,2,12,2z M17,13h-4v4h-2v-4H7v-2h4V7h2v4h4V13z\"><\/path><\/svg><\/span><h4 class=\"advgb-accordion-header-title\" style=\"color:inherit\">Links zu Freiwilligendiensten<\/h4><\/div><div class=\"advgb-accordion-body\" style=\"border-style:solid !important;border-width:0px !important;border-color:undefined !important;border-top:none !important;border-radius:2px !important\">\n<h3 class=\"wp-block-heading\">Inland<\/h3>\n\n\n\n<p><strong><a href=\"https:\/\/www.ijgd.de\/dienste-in-deutschland.html\" target=\"_blank\" rel=\"noreferrer noopener\" aria-label=\"Link zum jigd (\u00f6ffnet in neuem Tab)\">Link zum jigd<\/a><\/strong><br \/><strong><a href=\"https:\/\/www.bundesfreiwilligendienst.de\/\" target=\"_blank\" rel=\"noreferrer noopener\" aria-label=\"Link zum Bundesfreiwilligendienst (\u00f6ffnet in neuem Tab)\">Link zum Bundesfreiwilligendienst<\/a><\/strong><\/p>\n\n\n\n<h3 class=\"wp-block-heading\">Ausland<\/h3>\n\n\n\n<p><strong><a aria-label=\"Link zum VIA (\u00f6ffnet in neuem Tab)\" href=\"https:\/\/www.via-ev.org\/\" target=\"_blank\" rel=\"noreferrer noopener\">Link zum VIA<\/a> <\/strong><br \/><strong><a aria-label=\"Link zu Weltw\u00e4rts  (\u00f6ffnet in neuem Tab)\" href=\"https:\/\/www.weltwaerts.de\/de\/\" target=\"_blank\" rel=\"noreferrer noopener\">Link zu Weltw\u00e4rts <\/a><\/strong><br \/><strong><a aria-label=\" (\u00f6ffnet in neuem Tab)\" href=\"https:\/\/www.baumhaus-projekt.de\/\" target=\"_blank\" rel=\"noreferrer noopener\">Link zum Baumhaus-Projekt <\/a><\/strong><br \/><strong><a aria-label=\"Link zum jigd (Auslandsdienste)  (\u00f6ffnet in neuem Tab)\" href=\"https:\/\/www.ijgd.de\/auslands-dienste.html\" target=\"_blank\" rel=\"noreferrer noopener\">Link zum jigd (Auslandsdienste)<\/a><\/strong><br \/><strong><a href=\"https:\/\/www.deutsche-im-ausland.org\/im-ausland-leben-und-arbeiten\/bildung-und- reise-im-ausland\/work-and-travel.html\" target=\"_blank\" rel=\"noreferrer noopener\">Link zu work-and-travel<\/a><\/strong><\/p>\n\n\n<\/div><\/div>\n\n\n\n<div class=\"wp-block-advgb-accordion-item advgb-accordion-item\" style=\"margin-bottom: 15px;\">\r\n<div class=\"advgb-accordion-header\" style=\"background-color: #abb8c3; color: #000000; border-style: solid; border-width: 0px; border-radius: 2px;\">\r\n<h4 class=\"advgb-accordion-header-title\" style=\"color: inherit;\">Aktuelles und Interessantes<\/h4>\r\n<\/div>\r\n<div class=\"advgb-accordion-body\" style=\"border-style: solid !important; border-width: 0px !important; border-color: undefined !important; border-top: none !important; border-radius: 2px !important;\">\n\n<p>Liebe Oberstufensch\u00fcler*innen,<br \/>leider muss dieses Jahr \u2013 wie viele andere Veranstaltungen auch \u2013 das \u201aBerufsbuffet\u2018, das f\u00fcr Juni geplant war, ausfallen.<br \/>Unten aufgef\u00fchrt findet sich eine pdf-Datei mit Informationen zur Ausbildung\/Studium zum <strong>Bauingenieur in der Verwaltung mit praxisintegriertem Studium<\/strong>.<br \/>Vielleicht ist das f\u00fcr den einen oder anderen von euch von Interesse.<\/p>\n\n\r\n\r\n\n<div style=\"height:20px\" aria-hidden=\"true\" class=\"wp-block-spacer\"><\/div>\n\n\n\n\r\n\r\n\n<div class=\"wp-block-file\"><a id=\"wp-block-file--media-f195f06e-01cc-427b-86da-8f19bcf55551\" href=\"https:\/\/www.holstenschule.de\/info\/wp-content\/uploads\/2020\/06\/2020-05-26-Fragen-zum-Studium-FAQ-Handout.pdf\"><strong>2020-05-26-Fragen-zum-Studium-FAQ-Handout<\/strong><\/a><a class=\"wp-block-file__button wp-element-button\" href=\"https:\/\/www.holstenschule.de\/info\/wp-content\/uploads\/2020\/06\/2020-05-26-Fragen-zum-Studium-FAQ-Handout.pdf\" download=\"\" aria-describedby=\"wp-block-file--media-f195f06e-01cc-427b-86da-8f19bcf55551\">Herunterladen<\/a><\/div>\n\n\r\n\r\n\n<div style=\"height:20px\" aria-hidden=\"true\" class=\"wp-block-spacer\"><\/div>\n\n\n\n\r\n\r\n\n<p>Weitere Informationen der <strong>Bundesagentur f\u00fcr Arbeit<\/strong> kann man den folgenden pdf-Dateien entnehmen:<\/p>\n\n\r\n\r\n\n<div style=\"height:20px\" aria-hidden=\"true\" class=\"wp-block-spacer\"><\/div>\n\n\n\n\r\n\r\n\n<div class=\"wp-block-file\"><a id=\"wp-block-file--media-866a5041-d29e-4fcc-9c59-c31a6ee228b1\" href=\"https:\/\/www.holstenschule.de\/info\/wp-content\/uploads\/2020\/06\/Bundesagentur-f\u00fcr-Arbeit-Links.pdf\"><strong>Bundesagentur-f\u00fcr-Arbeit-Links<\/strong><\/a><a class=\"wp-block-file__button wp-element-button\" href=\"https:\/\/www.holstenschule.de\/info\/wp-content\/uploads\/2020\/06\/Bundesagentur-f\u00fcr-Arbeit-Links.pdf\" download=\"\" aria-describedby=\"wp-block-file--media-866a5041-d29e-4fcc-9c59-c31a6ee228b1\">Herunterladen<\/a><\/div>\n\n\r\n\r\n\n<div class=\"wp-block-file\"><a id=\"wp-block-file--media-783ec368-3365-4e46-bf0d-95bc7bbdcc98\" href=\"https:\/\/www.holstenschule.de\/info\/wp-content\/uploads\/2020\/06\/Bundesagentur-f\u00fcr-Arbeit-Sek-II.pdf\"><strong>Bundesagentur-f\u00fcr-Arbeit-Sek-II<\/strong><\/a><a class=\"wp-block-file__button wp-element-button\" href=\"https:\/\/www.holstenschule.de\/info\/wp-content\/uploads\/2020\/06\/Bundesagentur-f\u00fcr-Arbeit-Sek-II.pdf\" download=\"\" aria-describedby=\"wp-block-file--media-783ec368-3365-4e46-bf0d-95bc7bbdcc98\">Herunterladen<\/a><\/div>\n\n\r\n\r\n\n<div style=\"height:20px\" aria-hidden=\"true\" class=\"wp-block-spacer\"><\/div>\n\n\n\n\r\n\r\n\n<h4 class=\"wp-block-heading\">F\u00fcr Ausbildungsinteressierte und FSJ-Suchende aus der Region<\/h4>\n\n\r\n\r\n\n<p>Das Land S-H stellt auf instagram Ausbildungsberufe aus dem Landesamt f\u00fcr<br \/>Vermessung, Stra\u00dfenbau, Landeslabo und und und \u2026vor.<br \/><strong><a href=\"https:\/\/www.instagram.com\/moin_karriere\/?hl=de\" target=\"_blank\" rel=\"noreferrer noopener\" aria-label=\"Link zum Landesamt Vermessung (opens in a new tab)\">Link zum Landesamt Vermessung<\/a><\/strong><\/p>\n\n\r\n\r\n\n\r\n\r\n\n<p>Die Stadt Neum\u00fcnster sucht Freiwillige f\u00fcr FSJ, FSJ Politik sowie Bufdi in den<br \/>Kindertagesst\u00e4tten, der Fr\u00f6belschule sowie im Kinder- und Jugendb\u00fcro zum<br \/>Sommer 2021.<br \/><strong><a href=\"https:\/\/www.neumuenster.de\/verwaltung-politik\/jobs-und-karriere\/freiwilliges- soziales-jahr\/\" target=\"_blank\" rel=\"noreferrer noopener\" aria-label=\"Link zur Stadt Neum\u00fcnster (opens in a new tab)\">Link zur Stadt Neum\u00fcnster<\/a><\/strong><\/p>\n\n\r\n\r\n\n\r\n\r\n\n<p>Das Land S-H bietet FSJ-Stellen an. Im Folgenden k\u00f6nnen \u201aEinsatzorte\u2018 und<br \/>Stellen gesucht und die Modalit\u00e4ten f\u00fcr eine Bewerbung abgefragt werden.<br \/><strong><a href=\"https:\/\/www.fsj-sh.de\/bewerben\" target=\"_blank\" rel=\"noreferrer noopener\" aria-label=\"Link zu Infos \u00fcber FSJ-Stellen (opens in a new tab)\">Link zu Infos \u00fcber FSJ-Stellen<\/a><\/strong><\/p>\n\n<\/div>\r\n<\/div>\n<\/div>\n\n\n\n<div style=\"height:20px\" aria-hidden=\"true\" class=\"wp-block-spacer\"><\/div>\n\n\n\n\n\n<p>Weitere Informationen zur Selbsterkundung, Orientierung und Bewerbung im folgenden pdf-Dokument:<\/p>\n\n\n\n<div class=\"wp-block-file\"><a id=\"wp-block-file--media-9613e5d3-3019-4a7c-8a93-d170062917cd\" href=\"https:\/\/www.holstenschule.de\/info\/wp-content\/uploads\/2020\/01\/Selbsterkundung_Orientierung_Bewerbung.pdf\"><strong>Selbsterkundung_Orientierung_Bewerbung<\/strong><\/a><a href=\"https:\/\/www.holstenschule.de\/info\/wp-content\/uploads\/2020\/01\/Selbsterkundung_Orientierung_Bewerbung.pdf\" class=\"wp-block-file__button wp-element-button\" download aria-describedby=\"wp-block-file--media-9613e5d3-3019-4a7c-8a93-d170062917cd\">Herunterladen<\/a><\/div>\n","protected":false},"excerpt":{"rendered":"<p>Die Angebote der Berufsorientierung an der Holstenschule begleiten die Sch\u00fcler*innen im Laufe der Oberstufe und sollen f\u00fcr die Zukunft nach dem Abitur oder der Fachhochschulreife eine Vorbereitung und Hilfestellung bieten. In der jetzigen E-Phase wird im Januar in Kooperation mit der Referentin Frau Ruschkowski ( \u201aVocatium\u2018, ehemals \u201aNordjob\u2018) in einer Doppelstunde kompetente und professionelle Orientierung [&hellip;]<\/p>\n","protected":false},"author":36,"featured_media":0,"parent":0,"menu_order":0,"comment_status":"open","ping_status":"open","template":"page_konzepte.php","meta":{"_uag_custom_page_level_css":"","advgb_blocks_editor_width":"","advgb_blocks_columns_visual_guide":"","footnotes":""},"class_list":["post-718","page","type-page","status-publish","hentry"],"uagb_featured_image_src":{"full":false,"thumbnail":false,"medium":false,"medium_large":false,"large":false,"1536x1536":false,"2048x2048":false},"uagb_author_info":{"display_name":"Andreas Kohn","author_link":"https:\/\/www.holstenschule.de\/info\/author\/kn75\/"},"uagb_comment_info":0,"uagb_excerpt":"Die Angebote der Berufsorientierung an der Holstenschule begleiten die Sch\u00fcler*innen im Laufe der Oberstufe und sollen f\u00fcr die Zukunft nach dem Abitur oder der Fachhochschulreife eine Vorbereitung und Hilfestellung bieten. In der jetzigen E-Phase wird im Januar in Kooperation mit der Referentin Frau Ruschkowski ( \u201aVocatium\u2018, ehemals \u201aNordjob\u2018) in einer Doppelstunde kompetente und professionelle Orientierung&hellip;","coauthors":[],"author_meta":{"author_link":"https:\/\/www.holstenschule.de\/info\/author\/kn75\/","display_name":"Andreas Kohn"},"relative_dates":{"created":"Posted 12\u00a0Jahren ago","modified":"Updated 3\u00a0Monaten ago"},"absolute_dates":{"created":"Posted on 16. Dezember 2013","modified":"Updated on 1. Februar 2026"},"absolute_dates_time":{"created":"Posted on 16. Dezember 2013 20:16","modified":"Updated on 1. Februar 2026 12:21"},"featured_img_caption":"","featured_img":false,"series_order":"","_links":{"self":[{"href":"https:\/\/www.holstenschule.de\/info\/wp-json\/wp\/v2\/pages\/718","targetHints":{"allow":["GET"]}}],"collection":[{"href":"https:\/\/www.holstenschule.de\/info\/wp-json\/wp\/v2\/pages"}],"about":[{"href":"https:\/\/www.holstenschule.de\/info\/wp-json\/wp\/v2\/types\/page"}],"author":[{"embeddable":true,"href":"https:\/\/www.holstenschule.de\/info\/wp-json\/wp\/v2\/users\/36"}],"replies":[{"embeddable":true,"href":"https:\/\/www.holstenschule.de\/info\/wp-json\/wp\/v2\/comments?post=718"}],"version-history":[{"count":30,"href":"https:\/\/www.holstenschule.de\/info\/wp-json\/wp\/v2\/pages\/718\/revisions"}],"predecessor-version":[{"id":23398,"href":"https:\/\/www.holstenschule.de\/info\/wp-json\/wp\/v2\/pages\/718\/revisions\/23398"}],"wp:attachment":[{"href":"https:\/\/www.holstenschule.de\/info\/wp-json\/wp\/v2\/media?parent=718"}],"curies":[{"name":"wp","href":"https:\/\/api.w.org\/{rel}","templated":true}]}}